{"id":83,"date":"2020-05-22T13:56:16","date_gmt":"2020-05-22T11:56:16","guid":{"rendered":"https:\/\/www.nicolas-gonati.fr\/?page_id=83"},"modified":"2025-04-02T11:49:15","modified_gmt":"2025-04-02T09:49:15","slug":"oeuvres-picturales","status":"publish","type":"page","link":"https:\/\/www.nicolas-gonati.fr\/index.php\/oeuvres-picturales\/","title":{"rendered":"Oeuvres picturales"},"content":{"rendered":"[et_pb_section fb_built=\u00a0\u00bb1&Prime; admin_label=\u00a0\u00bbsection\u00a0\u00bb _builder_version=\u00a0\u00bb4.16&Prime; custom_padding=\u00a0\u00bb||0px|||\u00a0\u00bb global_colors_info=\u00a0\u00bb{}\u00a0\u00bb][et_pb_row admin_label=\u00a0\u00bbrow\u00a0\u00bb _builder_version=\u00a0\u00bb4.16&Prime; background_size=\u00a0\u00bbinitial\u00a0\u00bb background_position=\u00a0\u00bbtop_left\u00a0\u00bb background_repeat=\u00a0\u00bbrepeat\u00a0\u00bb global_colors_info=\u00a0\u00bb{}\u00a0\u00bb][et_pb_column type=\u00a0\u00bb4_4&Prime; _builder_version=\u00a0\u00bb4.16&Prime; custom_padding=\u00a0\u00bb|||\u00a0\u00bb global_colors_info=\u00a0\u00bb{}\u00a0\u00bb custom_padding__hover=\u00a0\u00bb|||\u00a0\u00bb][et_pb_text admin_label=\u00a0\u00bbText\u00a0\u00bb _builder_version=\u00a0\u00bb4.16&Prime; background_size=\u00a0\u00bbinitial\u00a0\u00bb background_position=\u00a0\u00bbtop_left\u00a0\u00bb background_repeat=\u00a0\u00bbrepeat\u00a0\u00bb global_colors_info=\u00a0\u00bb{}\u00a0\u00bb][\/et_pb_text][\/et_pb_column][\/et_pb_row][\/et_pb_section][et_pb_section fb_built=\u00a0\u00bb1&Prime; _builder_version=\u00a0\u00bb4.16&Prime; custom_padding=\u00a0\u00bb80px||3px|||\u00a0\u00bb global_colors_info=\u00a0\u00bb{}\u00a0\u00bb][et_pb_row _builder_version=\u00a0\u00bb4.16&Prime; global_colors_info=\u00a0\u00bb{}\u00a0\u00bb][et_pb_column type=\u00a0\u00bb4_4&Prime; _builder_version=\u00a0\u00bb4.16&Prime; global_colors_info=\u00a0\u00bb{}\u00a0\u00bb][et_pb_text _builder_version=\u00a0\u00bb4.16&Prime; text_font=\u00a0\u00bbAlata||||||||\u00a0\u00bb text_font_size=\u00a0\u00bb30px\u00a0\u00bb global_colors_info=\u00a0\u00bb{}\u00a0\u00bb]<p><span>Oeuvres picturales<\/span><\/p>[\/et_pb_text][\/et_pb_column][\/et_pb_row][et_pb_row _builder_version=\u00a0\u00bb4.16&Prime; custom_padding=\u00a0\u00bb0px|||||\u00a0\u00bb global_colors_info=\u00a0\u00bb{}\u00a0\u00bb][et_pb_column type=\u00a0\u00bb4_4&Prime; _builder_version=\u00a0\u00bb4.16&Prime; global_colors_info=\u00a0\u00bb{}\u00a0\u00bb][et_pb_divider color=\u00a0\u00bb#E09900&Prime; divider_position=\u00a0\u00bbcenter\u00a0\u00bb divider_weight=\u00a0\u00bb4px\u00a0\u00bb _builder_version=\u00a0\u00bb4.16&Prime; global_colors_info=\u00a0\u00bb{}\u00a0\u00bb][\/et_pb_divider][\/et_pb_column][\/et_pb_row][et_pb_row column_structure=\u00a0\u00bb1_4,1_4,1_4,1_4&Prime; _builder_version=\u00a0\u00bb4.16&Prime; global_colors_info=\u00a0\u00bb{}\u00a0\u00bb][et_pb_column type=\u00a0\u00bb1_4&Prime; _builder_version=\u00a0\u00bb4.16&Prime; global_colors_info=\u00a0\u00bb{}\u00a0\u00bb][et_pb_image src=\u00a0\u00bbhttps:\/\/www.nicolas-gonati.fr\/wp-content\/uploads\/2025\/03\/7-FAUVETTE-A-TETE-NOIRE-scaled.jpg\u00a0\u00bb title_text=\u00a0\u00bb7 &#8211; FAUVETTE \u00c0 T\u00caTE NOIRE\u00a0\u00bb show_in_lightbox=\u00a0\u00bbon\u00a0\u00bb _builder_version=\u00a0\u00bb4.23.1&Prime; global_colors_info=\u00a0\u00bb{}\u00a0\u00bb][\/et_pb_image][et_pb_text _builder_version=\u00a0\u00bb4.23.1&Prime; text_font=\u00a0\u00bbAlata||||||||\u00a0\u00bb text_line_height=\u00a0\u00bb1.3em\u00a0\u00bb custom_margin=\u00a0\u00bb-15px||||false|false\u00a0\u00bb global_colors_info=\u00a0\u00bb{}\u00a0\u00bb]<p><em>Fauvette \u00e0 t\u00eate noire (<span>crayon de bois sur papier)<\/span><\/em> 2025<\/p>[\/et_pb_text][\/et_pb_column][et_pb_column type=\u00a0\u00bb1_4&Prime; _builder_version=\u00a0\u00bb4.16&Prime; global_colors_info=\u00a0\u00bb{}\u00a0\u00bb][et_pb_image src=\u00a0\u00bbhttps:\/\/www.nicolas-gonati.fr\/wp-content\/uploads\/2025\/03\/9-DESSIN-FROISSE-scaled.jpg\u00a0\u00bb title_text=\u00a0\u00bb9 &#8211; DESSIN FROISS\u00c9\u00a0\u00bb show_in_lightbox=\u00a0\u00bbon\u00a0\u00bb _builder_version=\u00a0\u00bb4.23.1&Prime; global_colors_info=\u00a0\u00bb{}\u00a0\u00bb][\/et_pb_image][et_pb_text _builder_version=\u00a0\u00bb4.23.1&Prime; text_font=\u00a0\u00bbAlata||||||||\u00a0\u00bb text_line_height=\u00a0\u00bb1.3em\u00a0\u00bb custom_margin=\u00a0\u00bb-15px||||false|false\u00a0\u00bb global_colors_info=\u00a0\u00bb{}\u00a0\u00bb]<p><em>Dessin froiss\u00e9<\/em>\u00a0<em>(<span>crayon de bois sur papier) <\/span><\/em>2025<\/p>[\/et_pb_text][\/et_pb_column][et_pb_column type=\u00a0\u00bb1_4&Prime; _builder_version=\u00a0\u00bb4.16&Prime; global_colors_info=\u00a0\u00bb{}\u00a0\u00bb][et_pb_image src=\u00a0\u00bbhttps:\/\/www.nicolas-gonati.fr\/wp-content\/uploads\/2025\/03\/10-DOMAINE-DES-ROUSSEAUX-scaled.jpg\u00a0\u00bb title_text=\u00a0\u00bb10 &#8211; DOMAINE DES ROUSSEAUX\u00a0\u00bb show_in_lightbox=\u00a0\u00bbon\u00a0\u00bb _builder_version=\u00a0\u00bb4.23.1&Prime; global_colors_info=\u00a0\u00bb{}\u00a0\u00bb][\/et_pb_image][et_pb_text _builder_version=\u00a0\u00bb4.23.1&Prime; text_font=\u00a0\u00bbAlata||||||||\u00a0\u00bb text_line_height=\u00a0\u00bb1.3em\u00a0\u00bb custom_margin=\u00a0\u00bb-15px||||false|false\u00a0\u00bb global_colors_info=\u00a0\u00bb{}\u00a0\u00bb]<p><em>Domaine des Rousseaux (<span>crayon de bois sur papier)<\/span><\/em> 2025<\/p>[\/et_pb_text][\/et_pb_column][et_pb_column type=\u00a0\u00bb1_4&Prime; _builder_version=\u00a0\u00bb4.16&Prime; global_colors_info=\u00a0\u00bb{}\u00a0\u00bb][et_pb_image src=\u00a0\u00bbhttps:\/\/www.nicolas-gonati.fr\/wp-content\/uploads\/2025\/03\/12-VELOCETTE-1913.jpg\u00a0\u00bb title_text=\u00a0\u00bb12 &#8211; VELOCETTE 1913&Prime; show_in_lightbox=\u00a0\u00bbon\u00a0\u00bb _builder_version=\u00a0\u00bb4.23.1&Prime; global_colors_info=\u00a0\u00bb{}\u00a0\u00bb][\/et_pb_image][et_pb_text _builder_version=\u00a0\u00bb4.23.1&Prime; text_font=\u00a0\u00bbAlata||||||||\u00a0\u00bb text_line_height=\u00a0\u00bb1.3em\u00a0\u00bb custom_margin=\u00a0\u00bb-15px||||false|false\u00a0\u00bb global_colors_info=\u00a0\u00bb{}\u00a0\u00bb]<p><em>Velocette (<span>crayon de bois sur papier)<\/span><\/em> 2025<\/p>[\/et_pb_text][\/et_pb_column][\/et_pb_row][et_pb_row column_structure=\u00a0\u00bb1_3,1_3,1_3&Prime; _builder_version=\u00a0\u00bb4.16&Prime; global_colors_info=\u00a0\u00bb{}\u00a0\u00bb][et_pb_column type=\u00a0\u00bb1_3&Prime; _builder_version=\u00a0\u00bb4.16&Prime; global_colors_info=\u00a0\u00bb{}\u00a0\u00bb][et_pb_image src=\u00a0\u00bbhttps:\/\/www.nicolas-gonati.fr\/wp-content\/uploads\/2025\/03\/5-FESTIVAL-DE-LA-TOUPIE.jpg\u00a0\u00bb title_text=\u00a0\u00bb5 &#8211; FESTIVAL DE LA TOUPIE\u00a0\u00bb show_in_lightbox=\u00a0\u00bbon\u00a0\u00bb _builder_version=\u00a0\u00bb4.23.1&Prime; global_colors_info=\u00a0\u00bb{}\u00a0\u00bb][\/et_pb_image][et_pb_text _builder_version=\u00a0\u00bb4.23.1&Prime; text_font=\u00a0\u00bbAlata||||||||\u00a0\u00bb text_line_height=\u00a0\u00bb1.3em\u00a0\u00bb custom_margin=\u00a0\u00bb-15px||||false|false\u00a0\u00bb global_colors_info=\u00a0\u00bb{}\u00a0\u00bb]<p><em>Festival de la toupie (<span>crayon de bois sur papier)<\/span><\/em> 2025<\/p>[\/et_pb_text][\/et_pb_column][et_pb_column type=\u00a0\u00bb1_3&Prime; _builder_version=\u00a0\u00bb4.16&Prime; global_colors_info=\u00a0\u00bb{}\u00a0\u00bb][et_pb_image src=\u00a0\u00bbhttps:\/\/www.nicolas-gonati.fr\/wp-content\/uploads\/2025\/03\/11-JEU-DE-CONSTRUCTION-FRANCE-SOLOGNE-scaled.jpg\u00a0\u00bb title_text=\u00a0\u00bb11 &#8211; JEU DE CONSTRUCTION FRANCE SOLOGNE\u00a0\u00bb show_in_lightbox=\u00a0\u00bbon\u00a0\u00bb _builder_version=\u00a0\u00bb4.23.1&Prime; global_colors_info=\u00a0\u00bb{}\u00a0\u00bb][\/et_pb_image][et_pb_text _builder_version=\u00a0\u00bb4.23.1&Prime; text_font=\u00a0\u00bbAlata||||||||\u00a0\u00bb text_line_height=\u00a0\u00bb1.3em\u00a0\u00bb custom_margin=\u00a0\u00bb-15px||||false|false\u00a0\u00bb global_colors_info=\u00a0\u00bb{}\u00a0\u00bb]<p><em>Jeu de construction France Sologne<\/em>\u00a0<em>(<span>crayon de bois sur papier) <\/span><\/em>2025<\/p>[\/et_pb_text][\/et_pb_column][et_pb_column type=\u00a0\u00bb1_3&Prime; _builder_version=\u00a0\u00bb4.16&Prime; global_colors_info=\u00a0\u00bb{}\u00a0\u00bb][et_pb_image src=\u00a0\u00bbhttps:\/\/www.nicolas-gonati.fr\/wp-content\/uploads\/2025\/03\/14-ROMORANTIN-LANTENAY-scaled.jpg\u00a0\u00bb title_text=\u00a0\u00bb14 &#8211; ROMORANTIN-LANTENAY\u00a0\u00bb show_in_lightbox=\u00a0\u00bbon\u00a0\u00bb _builder_version=\u00a0\u00bb4.23.1&Prime; global_colors_info=\u00a0\u00bb{}\u00a0\u00bb][\/et_pb_image][et_pb_text _builder_version=\u00a0\u00bb4.23.1&Prime; text_font=\u00a0\u00bbAlata||||||||\u00a0\u00bb text_line_height=\u00a0\u00bb1.3em\u00a0\u00bb custom_margin=\u00a0\u00bb-15px||||false|false\u00a0\u00bb global_colors_info=\u00a0\u00bb{}\u00a0\u00bb]<p><em>Romorantin-Lantenay (<span>crayon de bois sur papier)<\/span><\/em> 2025<\/p>[\/et_pb_text][\/et_pb_column][\/et_pb_row][et_pb_row column_structure=\u00a0\u00bb1_4,1_4,1_4,1_4&Prime; _builder_version=\u00a0\u00bb4.16&Prime; global_colors_info=\u00a0\u00bb{}\u00a0\u00bb][et_pb_column type=\u00a0\u00bb1_4&Prime; _builder_version=\u00a0\u00bb4.16&Prime; global_colors_info=\u00a0\u00bb{}\u00a0\u00bb][et_pb_image src=\u00a0\u00bbhttps:\/\/www.nicolas-gonati.fr\/wp-content\/uploads\/2025\/03\/2-PORTE-DE-SOLOGNE.jpg\u00a0\u00bb title_text=\u00a0\u00bb2 &#8211; PORTE DE SOLOGNE\u00a0\u00bb show_in_lightbox=\u00a0\u00bbon\u00a0\u00bb _builder_version=\u00a0\u00bb4.23.1&Prime; global_colors_info=\u00a0\u00bb{}\u00a0\u00bb][\/et_pb_image][et_pb_text _builder_version=\u00a0\u00bb4.23.1&Prime; text_font=\u00a0\u00bbAlata||||||||\u00a0\u00bb text_line_height=\u00a0\u00bb1.3em\u00a0\u00bb custom_margin=\u00a0\u00bb-15px||||false|false\u00a0\u00bb global_colors_info=\u00a0\u00bb{}\u00a0\u00bb]<p><em>Porte de Sologne (<span>crayon de bois sur papier)<\/span><\/em> 2025<\/p>[\/et_pb_text][\/et_pb_column][et_pb_column type=\u00a0\u00bb1_4&Prime; _builder_version=\u00a0\u00bb4.16&Prime; global_colors_info=\u00a0\u00bb{}\u00a0\u00bb][et_pb_image src=\u00a0\u00bbhttps:\/\/www.nicolas-gonati.fr\/wp-content\/uploads\/2025\/03\/3-AUTOMNE-SUR-LE-PARVIS-DU-CHATEAU-DE-LA-FERTE-SAINT-AUBIN-scaled.jpg\u00a0\u00bb title_text=\u00a0\u00bb3 &#8211; AUTOMNE SUR LE PARVIS DU CH\u00c2TEAU DE LA FERT\u00c9 SAINT AUBIN\u00a0\u00bb show_in_lightbox=\u00a0\u00bbon\u00a0\u00bb _builder_version=\u00a0\u00bb4.23.1&Prime; global_colors_info=\u00a0\u00bb{}\u00a0\u00bb][\/et_pb_image][et_pb_text _builder_version=\u00a0\u00bb4.23.1&Prime; text_font=\u00a0\u00bbAlata||||||||\u00a0\u00bb text_line_height=\u00a0\u00bb1.3em\u00a0\u00bb custom_margin=\u00a0\u00bb-15px||||false|false\u00a0\u00bb global_colors_info=\u00a0\u00bb{}\u00a0\u00bb]<p><em>Automne sur le parvis du Ch\u00e2teau de la Fert\u00e9 St-Aubain<\/em>\u00a0<em>(<span>crayon de bois sur papier) <\/span><\/em>2025<\/p>[\/et_pb_text][\/et_pb_column][et_pb_column type=\u00a0\u00bb1_4&Prime; _builder_version=\u00a0\u00bb4.16&Prime; global_colors_info=\u00a0\u00bb{}\u00a0\u00bb][et_pb_image src=\u00a0\u00bbhttps:\/\/www.nicolas-gonati.fr\/wp-content\/uploads\/2025\/03\/4-BAS-RELIEF-DE-FLORENT-MONCOURRIER-scaled.jpg\u00a0\u00bb title_text=\u00a0\u00bb4 &#8211; BAS-RELIEF DE FLORENT MONCOURRIER\u00a0\u00bb show_in_lightbox=\u00a0\u00bbon\u00a0\u00bb _builder_version=\u00a0\u00bb4.23.1&Prime; global_colors_info=\u00a0\u00bb{}\u00a0\u00bb][\/et_pb_image][et_pb_text _builder_version=\u00a0\u00bb4.23.1&Prime; text_font=\u00a0\u00bbAlata||||||||\u00a0\u00bb text_line_height=\u00a0\u00bb1.3em\u00a0\u00bb custom_margin=\u00a0\u00bb-15px||||false|false\u00a0\u00bb global_colors_info=\u00a0\u00bb{}\u00a0\u00bb]<p><em>Bas-relief de Florent Montcourrier (<span>crayon de bois sur papier)<\/span><\/em> 2025<\/p>[\/et_pb_text][\/et_pb_column][et_pb_column type=\u00a0\u00bb1_4&Prime; _builder_version=\u00a0\u00bb4.16&Prime; global_colors_info=\u00a0\u00bb{}\u00a0\u00bb][et_pb_image src=\u00a0\u00bbhttps:\/\/www.nicolas-gonati.fr\/wp-content\/uploads\/2025\/03\/6-LE-CHENE-DES-CHAMBRAIS-SENNELY-scaled.jpg\u00a0\u00bb title_text=\u00a0\u00bb6 &#8211; LE CH\u00caNE DES CHAMBRAIS SENNELY\u00a0\u00bb show_in_lightbox=\u00a0\u00bbon\u00a0\u00bb _builder_version=\u00a0\u00bb4.23.1&Prime; global_colors_info=\u00a0\u00bb{}\u00a0\u00bb][\/et_pb_image][et_pb_text _builder_version=\u00a0\u00bb4.23.1&Prime; text_font=\u00a0\u00bbAlata||||||||\u00a0\u00bb text_line_height=\u00a0\u00bb1.3em\u00a0\u00bb custom_margin=\u00a0\u00bb-15px||||false|false\u00a0\u00bb global_colors_info=\u00a0\u00bb{}\u00a0\u00bb]<p><em>Le Ch\u00eane des Chambrais Sennely (<span>crayon de bois sur papier)<\/span><\/em> 2025<\/p>[\/et_pb_text][\/et_pb_column][\/et_pb_row][et_pb_row _builder_version=\u00a0\u00bb4.16&Prime; custom_padding=\u00a0\u00bb0px|||||\u00a0\u00bb global_colors_info=\u00a0\u00bb{}\u00a0\u00bb][et_pb_column type=\u00a0\u00bb4_4&Prime; _builder_version=\u00a0\u00bb4.16&Prime; global_colors_info=\u00a0\u00bb{}\u00a0\u00bb][et_pb_divider color=\u00a0\u00bb#E09900&Prime; divider_position=\u00a0\u00bbcenter\u00a0\u00bb divider_weight=\u00a0\u00bb4px\u00a0\u00bb _builder_version=\u00a0\u00bb4.16&Prime; global_colors_info=\u00a0\u00bb{}\u00a0\u00bb][\/et_pb_divider][\/et_pb_column][\/et_pb_row][et_pb_row column_structure=\u00a0\u00bb3_5,2_5&Prime; use_custom_gutter=\u00a0\u00bbon\u00a0\u00bb gutter_width=\u00a0\u00bb2&Prime; _builder_version=\u00a0\u00bb4.16&Prime; width=\u00a0\u00bb45%\u00a0\u00bb max_width=\u00a0\u00bb1220px\u00a0\u00bb global_colors_info=\u00a0\u00bb{}\u00a0\u00bb][et_pb_column type=\u00a0\u00bb3_5&Prime; _builder_version=\u00a0\u00bb4.16&Prime; global_colors_info=\u00a0\u00bb{}\u00a0\u00bb][et_pb_image src=\u00a0\u00bbhttps:\/\/www.nicolas-gonati.fr\/wp-content\/uploads\/2025\/03\/Une-jolie-vache-deguisee-en-fleur-opti.jpg\u00a0\u00bb title_text=\u00a0\u00bb&#8230;Une-jolie-vache-d\u00e9guis\u00e9e-en-fleur-opti.\u00a0\u00bb show_in_lightbox=\u00a0\u00bbon\u00a0\u00bb _builder_version=\u00a0\u00bb4.23.1&Prime; width=\u00a0\u00bb80%\u00a0\u00bb border_width_all=\u00a0\u00bb8px\u00a0\u00bb border_color_all=\u00a0\u00bb#FFFFFF\u00a0\u00bb global_colors_info=\u00a0\u00bb{}\u00a0\u00bb][\/et_pb_image][\/et_pb_column][et_pb_column type=\u00a0\u00bb2_5&Prime; _builder_version=\u00a0\u00bb4.16&Prime; global_colors_info=\u00a0\u00bb{}\u00a0\u00bb][et_pb_text _builder_version=\u00a0\u00bb4.23.1&Prime; text_font=\u00a0\u00bbAlata||||||||\u00a0\u00bb text_text_color=\u00a0\u00bb#E09900&Prime; text_font_size=\u00a0\u00bb30px\u00a0\u00bb custom_margin=\u00a0\u00bb60px||||false|false\u00a0\u00bb custom_padding=\u00a0\u00bb||19px|||\u00a0\u00bb text_font_size_tablet=\u00a0\u00bb\u00a0\u00bb text_font_size_phone=\u00a0\u00bb25px\u00a0\u00bb text_font_size_last_edited=\u00a0\u00bbon|phone\u00a0\u00bb global_colors_info=\u00a0\u00bb{}\u00a0\u00bb]<p>\u00e0 fleur de peau<\/p>[\/et_pb_text][et_pb_text _builder_version=\u00a0\u00bb4.23.1&Prime; text_font=\u00a0\u00bbAlata||||||||\u00a0\u00bb text_font_size=\u00a0\u00bb17px\u00a0\u00bb text_line_height=\u00a0\u00bb1.3em\u00a0\u00bb custom_margin=\u00a0\u00bb-10px|||||\u00a0\u00bb hover_enabled=\u00a0\u00bb0&Prime; global_colors_info=\u00a0\u00bb{}\u00a0\u00bb sticky_enabled=\u00a0\u00bb0&Prime;]<p>(A<span>crylique sur bois<\/span>) 2024<\/p>[\/et_pb_text][\/et_pb_column][\/et_pb_row][et_pb_row _builder_version=\u00a0\u00bb4.16&Prime; custom_padding=\u00a0\u00bb0px|||||\u00a0\u00bb global_colors_info=\u00a0\u00bb{}\u00a0\u00bb][et_pb_column type=\u00a0\u00bb4_4&Prime; _builder_version=\u00a0\u00bb4.16&Prime; global_colors_info=\u00a0\u00bb{}\u00a0\u00bb][et_pb_divider color=\u00a0\u00bb#E09900&Prime; divider_position=\u00a0\u00bbcenter\u00a0\u00bb divider_weight=\u00a0\u00bb4px\u00a0\u00bb _builder_version=\u00a0\u00bb4.16&Prime; global_colors_info=\u00a0\u00bb{}\u00a0\u00bb][\/et_pb_divider][\/et_pb_column][\/et_pb_row][et_pb_row column_structure=\u00a0\u00bb1_4,1_4,1_4,1_4&Prime; _builder_version=\u00a0\u00bb4.16&Prime; global_colors_info=\u00a0\u00bb{}\u00a0\u00bb][et_pb_column type=\u00a0\u00bb1_4&Prime; _builder_version=\u00a0\u00bb4.16&Prime; global_colors_info=\u00a0\u00bb{}\u00a0\u00bb][et_pb_image src=\u00a0\u00bbhttps:\/\/www.nicolas-gonati.fr\/wp-content\/uploads\/2023\/12\/2-Becassine-en-partance.jpg\u00a0\u00bb title_text=\u00a0\u00bb2&#8212;B\u00e9cassine-en-partance\u00a0\u00bb show_in_lightbox=\u00a0\u00bbon\u00a0\u00bb _builder_version=\u00a0\u00bb4.23.1&Prime; global_colors_info=\u00a0\u00bb{}\u00a0\u00bb][\/et_pb_image][et_pb_text _builder_version=\u00a0\u00bb4.23.1&Prime; text_font=\u00a0\u00bbAlata||||||||\u00a0\u00bb text_line_height=\u00a0\u00bb1.3em\u00a0\u00bb custom_margin=\u00a0\u00bb-15px||||false|false\u00a0\u00bb global_colors_info=\u00a0\u00bb{}\u00a0\u00bb]<p><em>B\u00e9cassine en partance (<span>crayon de bois sur papier)<\/span><\/em> 2023<\/p>[\/et_pb_text][\/et_pb_column][et_pb_column type=\u00a0\u00bb1_4&Prime; _builder_version=\u00a0\u00bb4.16&Prime; global_colors_info=\u00a0\u00bb{}\u00a0\u00bb][et_pb_image src=\u00a0\u00bbhttps:\/\/www.nicolas-gonati.fr\/wp-content\/uploads\/2023\/12\/9-Gisant-de-la-basilique-de-Saint-Denis.jpg\u00a0\u00bb title_text=\u00a0\u00bb9&#8212;Gisant-de-la-basilique-de-Saint-Denis\u00a0\u00bb show_in_lightbox=\u00a0\u00bbon\u00a0\u00bb _builder_version=\u00a0\u00bb4.23.1&Prime; global_colors_info=\u00a0\u00bb{}\u00a0\u00bb][\/et_pb_image][et_pb_text _builder_version=\u00a0\u00bb4.23.1&Prime; text_font=\u00a0\u00bbAlata||||||||\u00a0\u00bb text_line_height=\u00a0\u00bb1.3em\u00a0\u00bb custom_margin=\u00a0\u00bb-15px||||false|false\u00a0\u00bb global_colors_info=\u00a0\u00bb{}\u00a0\u00bb]<p><em>Gisant de la basilique de Saint-Denis<\/em> <em>(<span>crayon de bois sur papier) <\/span><\/em>2023<\/p>[\/et_pb_text][\/et_pb_column][et_pb_column type=\u00a0\u00bb1_4&Prime; _builder_version=\u00a0\u00bb4.16&Prime; global_colors_info=\u00a0\u00bb{}\u00a0\u00bb][et_pb_image src=\u00a0\u00bbhttps:\/\/www.nicolas-gonati.fr\/wp-content\/uploads\/2023\/12\/10-Depart-pour-Munster.jpg\u00a0\u00bb title_text=\u00a0\u00bb10&#8212;D\u00e9part-pour-M\u00fcnster\u00a0\u00bb show_in_lightbox=\u00a0\u00bbon\u00a0\u00bb _builder_version=\u00a0\u00bb4.23.1&Prime; global_colors_info=\u00a0\u00bb{}\u00a0\u00bb][\/et_pb_image][et_pb_text _builder_version=\u00a0\u00bb4.23.1&Prime; text_font=\u00a0\u00bbAlata||||||||\u00a0\u00bb text_line_height=\u00a0\u00bb1.3em\u00a0\u00bb custom_margin=\u00a0\u00bb-15px||||false|false\u00a0\u00bb global_colors_info=\u00a0\u00bb{}\u00a0\u00bb]<p><em>D\u00e9part pour M\u00fcnster (<span>crayon de bois sur papier)<\/span><\/em> 2023<\/p>[\/et_pb_text][\/et_pb_column][et_pb_column type=\u00a0\u00bb1_4&Prime; _builder_version=\u00a0\u00bb4.16&Prime; global_colors_info=\u00a0\u00bb{}\u00a0\u00bb][et_pb_image src=\u00a0\u00bbhttps:\/\/www.nicolas-gonati.fr\/wp-content\/uploads\/2023\/12\/12-Escalier-en-colimacon.jpg\u00a0\u00bb title_text=\u00a0\u00bb12&#8212;Escalier-en-colima\u00e7on\u00a0\u00bb show_in_lightbox=\u00a0\u00bbon\u00a0\u00bb _builder_version=\u00a0\u00bb4.23.1&Prime; global_colors_info=\u00a0\u00bb{}\u00a0\u00bb][\/et_pb_image][et_pb_text _builder_version=\u00a0\u00bb4.23.1&Prime; text_font=\u00a0\u00bbAlata||||||||\u00a0\u00bb text_line_height=\u00a0\u00bb1.3em\u00a0\u00bb custom_margin=\u00a0\u00bb-15px||||false|false\u00a0\u00bb global_colors_info=\u00a0\u00bb{}\u00a0\u00bb]<p><em>Escalier en colima\u00e7on (<span>crayon de bois sur papier)<\/span><\/em> 2023<\/p>[\/et_pb_text][\/et_pb_column][\/et_pb_row][et_pb_row _builder_version=\u00a0\u00bb4.23.1&Prime; _module_preset=\u00a0\u00bbdefault\u00a0\u00bb global_colors_info=\u00a0\u00bb{}\u00a0\u00bb][et_pb_column type=\u00a0\u00bb4_4&Prime; _builder_version=\u00a0\u00bb4.23.1&Prime; _module_preset=\u00a0\u00bbdefault\u00a0\u00bb global_colors_info=\u00a0\u00bb{}\u00a0\u00bb][et_pb_text _builder_version=\u00a0\u00bb4.23.1&Prime; _module_preset=\u00a0\u00bbdefault\u00a0\u00bb text_font=\u00a0\u00bbAlata||||||||\u00a0\u00bb text_line_height=\u00a0\u00bb1.3em\u00a0\u00bb custom_margin=\u00a0\u00bb-15px||||false|false\u00a0\u00bb global_colors_info=\u00a0\u00bb{}\u00a0\u00bb]<p>Tel un passager du temps, des mus\u00e9es de Rome ou d&rsquo;ailleurs, des ch\u00e2teaux, basiliques et des coffres \u00e0 jouets, je dessine sur du papier avec mes crayons de bois* ceux qui s&rsquo;offrent encore \u00e0 mes yeux. * Crayon de papier et crayon gris est plus courant dans les r\u00e9gions du Sud de la France et dans la pointe bretonne alors que le terme crayon de bois est principalement utilis\u00e9 dans le Nord de la France et autour de Nantes.<\/p>[\/et_pb_text][\/et_pb_column][\/et_pb_row][et_pb_row column_structure=\u00a0\u00bb1_4,1_4,1_4,1_4&Prime; _builder_version=\u00a0\u00bb4.16&Prime; global_colors_info=\u00a0\u00bb{}\u00a0\u00bb][et_pb_column type=\u00a0\u00bb1_4&Prime; _builder_version=\u00a0\u00bb4.16&Prime; global_colors_info=\u00a0\u00bb{}\u00a0\u00bb][et_pb_image src=\u00a0\u00bbhttps:\/\/www.nicolas-gonati.fr\/wp-content\/uploads\/2023\/12\/3-Sculpture-mutilee-de-Rome-ou-dailleurs.jpg\u00a0\u00bb title_text=\u00a0\u00bb3&#8212;Sculpture-mutil\u00e9e-de-Rome-ou-d&rsquo;ailleurs\u00a0\u00bb show_in_lightbox=\u00a0\u00bbon\u00a0\u00bb _builder_version=\u00a0\u00bb4.23.1&Prime; global_colors_info=\u00a0\u00bb{}\u00a0\u00bb][\/et_pb_image][\/et_pb_column][et_pb_column type=\u00a0\u00bb1_4&Prime; _builder_version=\u00a0\u00bb4.16&Prime; global_colors_info=\u00a0\u00bb{}\u00a0\u00bb][et_pb_image src=\u00a0\u00bbhttps:\/\/www.nicolas-gonati.fr\/wp-content\/uploads\/2023\/12\/5-Sculpture-mutilee-de-Rome-ou-dailleurs.jpg\u00a0\u00bb title_text=\u00a0\u00bb5&#8212;Sculpture-mutil\u00e9e-de-Rome-ou-d&rsquo;ailleurs\u00a0\u00bb show_in_lightbox=\u00a0\u00bbon\u00a0\u00bb _builder_version=\u00a0\u00bb4.23.1&Prime; global_colors_info=\u00a0\u00bb{}\u00a0\u00bb][\/et_pb_image][\/et_pb_column][et_pb_column type=\u00a0\u00bb1_4&Prime; _builder_version=\u00a0\u00bb4.16&Prime; global_colors_info=\u00a0\u00bb{}\u00a0\u00bb][et_pb_image src=\u00a0\u00bbhttps:\/\/www.nicolas-gonati.fr\/wp-content\/uploads\/2023\/12\/6-Sculpture-mutilee-de-Rome-ou-dailleurs.jpg\u00a0\u00bb title_text=\u00a0\u00bb6&#8212;Sculpture-mutil\u00e9e-de-Rome-ou-d&rsquo;ailleurs\u00a0\u00bb show_in_lightbox=\u00a0\u00bbon\u00a0\u00bb _builder_version=\u00a0\u00bb4.23.1&Prime; global_colors_info=\u00a0\u00bb{}\u00a0\u00bb][\/et_pb_image][\/et_pb_column][et_pb_column type=\u00a0\u00bb1_4&Prime; _builder_version=\u00a0\u00bb4.16&Prime; global_colors_info=\u00a0\u00bb{}\u00a0\u00bb][et_pb_image src=\u00a0\u00bbhttps:\/\/www.nicolas-gonati.fr\/wp-content\/uploads\/2023\/12\/4-Sculpture-mutilee-de-Rome-ou-dailleurs.jpg\u00a0\u00bb title_text=\u00a0\u00bb4&#8212;Sculpture-mutil\u00e9e-de-Rome-ou-d&rsquo;ailleurs\u00a0\u00bb show_in_lightbox=\u00a0\u00bbon\u00a0\u00bb _builder_version=\u00a0\u00bb4.23.1&Prime; global_colors_info=\u00a0\u00bb{}\u00a0\u00bb][\/et_pb_image][\/et_pb_column][\/et_pb_row][et_pb_row _builder_version=\u00a0\u00bb4.23.1&Prime; _module_preset=\u00a0\u00bbdefault\u00a0\u00bb custom_margin=\u00a0\u00bb0px||||false|false\u00a0\u00bb custom_padding=\u00a0\u00bb0px||||false|false\u00a0\u00bb global_colors_info=\u00a0\u00bb{}\u00a0\u00bb][et_pb_column type=\u00a0\u00bb4_4&Prime; _builder_version=\u00a0\u00bb4.23.1&Prime; _module_preset=\u00a0\u00bbdefault\u00a0\u00bb global_colors_info=\u00a0\u00bb{}\u00a0\u00bb][et_pb_text _builder_version=\u00a0\u00bb4.23.1&Prime; text_font=\u00a0\u00bbAlata||||||||\u00a0\u00bb text_line_height=\u00a0\u00bb1.3em\u00a0\u00bb custom_margin=\u00a0\u00bb-15px||||false|false\u00a0\u00bb global_colors_info=\u00a0\u00bb{}\u00a0\u00bb]<p>Sculpture mutil\u00e9e de Rome ou d&rsquo;ailleurs <em>(<span>crayon de bois sur papier) <\/span><\/em>2023<\/p>[\/et_pb_text][\/et_pb_column][\/et_pb_row][et_pb_row _builder_version=\u00a0\u00bb4.16&Prime; custom_padding=\u00a0\u00bb0px|||||\u00a0\u00bb global_colors_info=\u00a0\u00bb{}\u00a0\u00bb][et_pb_column type=\u00a0\u00bb4_4&Prime; _builder_version=\u00a0\u00bb4.16&Prime; global_colors_info=\u00a0\u00bb{}\u00a0\u00bb][et_pb_divider color=\u00a0\u00bb#E09900&Prime; divider_position=\u00a0\u00bbcenter\u00a0\u00bb divider_weight=\u00a0\u00bb4px\u00a0\u00bb _builder_version=\u00a0\u00bb4.16&Prime; global_colors_info=\u00a0\u00bb{}\u00a0\u00bb][\/et_pb_divider][\/et_pb_column][\/et_pb_row][et_pb_row column_structure=\u00a0\u00bb1_2,1_2&Prime; _builder_version=\u00a0\u00bb4.16&Prime; global_colors_info=\u00a0\u00bb{}\u00a0\u00bb][et_pb_column type=\u00a0\u00bb1_2&Prime; _builder_version=\u00a0\u00bb4.16&Prime; global_colors_info=\u00a0\u00bb{}\u00a0\u00bb][et_pb_image src=\u00a0\u00bbhttps:\/\/www.nicolas-gonati.fr\/wp-content\/uploads\/2023\/12\/2-Pere-Figueres-au-studio-Abbey-road.jpg\u00a0\u00bb title_text=\u00a0\u00bb2&#8212;P\u00e8re-Figueres-au-studio-Abbey-road\u00a0\u00bb show_in_lightbox=\u00a0\u00bbon\u00a0\u00bb _builder_version=\u00a0\u00bb4.23.1&Prime; global_colors_info=\u00a0\u00bb{}\u00a0\u00bb][\/et_pb_image][et_pb_text _builder_version=\u00a0\u00bb4.23.1&Prime; text_font=\u00a0\u00bbAlata||||||||\u00a0\u00bb text_line_height=\u00a0\u00bb1.3em\u00a0\u00bb custom_margin=\u00a0\u00bb-15px||||false|false\u00a0\u00bb global_colors_info=\u00a0\u00bb{}\u00a0\u00bb]<p><em>P\u00e8re Figueres au studio Abbey road<\/em>\u00a0 Exposition RODO Perpignan 2021<\/p>[\/et_pb_text][\/et_pb_column][et_pb_column type=\u00a0\u00bb1_2&Prime; _builder_version=\u00a0\u00bb4.16&Prime; global_colors_info=\u00a0\u00bb{}\u00a0\u00bb][et_pb_image src=\u00a0\u00bbhttps:\/\/www.nicolas-gonati.fr\/wp-content\/uploads\/2023\/12\/1-Le-parti-pris-des-choses.jpg\u00a0\u00bb title_text=\u00a0\u00bb1&#8212;Le-parti-pris-des-choses.\u00a0\u00bb show_in_lightbox=\u00a0\u00bbon\u00a0\u00bb _builder_version=\u00a0\u00bb4.23.1&Prime; width=\u00a0\u00bb92%\u00a0\u00bb module_alignment=\u00a0\u00bbcenter\u00a0\u00bb global_colors_info=\u00a0\u00bb{}\u00a0\u00bb][\/et_pb_image][et_pb_text _builder_version=\u00a0\u00bb4.23.1&Prime; text_font=\u00a0\u00bbAlata||||||||\u00a0\u00bb text_line_height=\u00a0\u00bb1.3em\u00a0\u00bb custom_margin=\u00a0\u00bb-15px||||false|false\u00a0\u00bb global_colors_info=\u00a0\u00bb{}\u00a0\u00bb]<p style=\"text-align: center;\"><em>Le parti pris des choses<\/em> Po\u00e9sie visuelle \u00e0 l&rsquo;atelier 13 Illes sur T\u00eat 2021<\/p>[\/et_pb_text][\/et_pb_column][\/et_pb_row][et_pb_row _builder_version=\u00a0\u00bb4.16&Prime; custom_padding=\u00a0\u00bb0px|||||\u00a0\u00bb global_colors_info=\u00a0\u00bb{}\u00a0\u00bb][et_pb_column type=\u00a0\u00bb4_4&Prime; _builder_version=\u00a0\u00bb4.16&Prime; global_colors_info=\u00a0\u00bb{}\u00a0\u00bb][et_pb_divider color=\u00a0\u00bb#E09900&Prime; divider_position=\u00a0\u00bbcenter\u00a0\u00bb divider_weight=\u00a0\u00bb4px\u00a0\u00bb _builder_version=\u00a0\u00bb4.16&Prime; global_colors_info=\u00a0\u00bb{}\u00a0\u00bb][\/et_pb_divider][\/et_pb_column][\/et_pb_row][et_pb_row column_structure=\u00a0\u00bb1_3,1_3,1_3&Prime; _builder_version=\u00a0\u00bb4.16&Prime; global_colors_info=\u00a0\u00bb{}\u00a0\u00bb][et_pb_column type=\u00a0\u00bb1_3&Prime; _builder_version=\u00a0\u00bb4.16&Prime; global_colors_info=\u00a0\u00bb{}\u00a0\u00bb][et_pb_text _builder_version=\u00a0\u00bb4.23.1&Prime; text_font=\u00a0\u00bbAlata||||||||\u00a0\u00bb text_font_size=\u00a0\u00bb16px\u00a0\u00bb text_line_height=\u00a0\u00bb1.3em\u00a0\u00bb custom_margin=\u00a0\u00bb-15px||||false|false\u00a0\u00bb global_colors_info=\u00a0\u00bb{}\u00a0\u00bb]<p>Exposition Le r\u00e9verb\u00e8re et l&rsquo;artichaut, espace des arts Le Boulou 2021<\/p>[\/et_pb_text][et_pb_image src=\u00a0\u00bbhttps:\/\/www.nicolas-gonati.fr\/wp-content\/uploads\/2023\/11\/4-expo-artichaut.jpg\u00a0\u00bb title_text=\u00a0\u00bb4 expo artichaut\u00a0\u00bb show_in_lightbox=\u00a0\u00bbon\u00a0\u00bb _builder_version=\u00a0\u00bb4.23.1&Prime; global_colors_info=\u00a0\u00bb{}\u00a0\u00bb][\/et_pb_image][\/et_pb_column][et_pb_column type=\u00a0\u00bb1_3&Prime; _builder_version=\u00a0\u00bb4.16&Prime; global_colors_info=\u00a0\u00bb{}\u00a0\u00bb][et_pb_image src=\u00a0\u00bbhttps:\/\/www.nicolas-gonati.fr\/wp-content\/uploads\/2023\/11\/3-expo-artichaut.jpg\u00a0\u00bb title_text=\u00a0\u00bb3 expo artichaut\u00a0\u00bb show_in_lightbox=\u00a0\u00bbon\u00a0\u00bb _builder_version=\u00a0\u00bb4.23.1&Prime; global_colors_info=\u00a0\u00bb{}\u00a0\u00bb][\/et_pb_image][\/et_pb_column][et_pb_column type=\u00a0\u00bb1_3&Prime; _builder_version=\u00a0\u00bb4.16&Prime; global_colors_info=\u00a0\u00bb{}\u00a0\u00bb][et_pb_image src=\u00a0\u00bbhttps:\/\/www.nicolas-gonati.fr\/wp-content\/uploads\/2023\/11\/1-expo-artichaut.jpg\u00a0\u00bb title_text=\u00a0\u00bb1 expo artichaut\u00a0\u00bb show_in_lightbox=\u00a0\u00bbon\u00a0\u00bb _builder_version=\u00a0\u00bb4.23.1&Prime; global_colors_info=\u00a0\u00bb{}\u00a0\u00bb][\/et_pb_image][\/et_pb_column][\/et_pb_row][et_pb_row _builder_version=\u00a0\u00bb4.23.1&Prime; _module_preset=\u00a0\u00bbdefault\u00a0\u00bb global_colors_info=\u00a0\u00bb{}\u00a0\u00bb][et_pb_column type=\u00a0\u00bb4_4&Prime; _builder_version=\u00a0\u00bb4.23.1&Prime; _module_preset=\u00a0\u00bbdefault\u00a0\u00bb global_colors_info=\u00a0\u00bb{}\u00a0\u00bb][et_pb_text _builder_version=\u00a0\u00bb4.23.1&Prime; _module_preset=\u00a0\u00bbdefault\u00a0\u00bb text_font=\u00a0\u00bbAlata||||||||\u00a0\u00bb text_line_height=\u00a0\u00bb1.3em\u00a0\u00bb custom_margin=\u00a0\u00bb-15px||||false|false\u00a0\u00bb global_colors_info=\u00a0\u00bb{}\u00a0\u00bb]<p>OSCAR WILDE LE PORTRAIT DE DORIAN GRAY<\/p>\n<p>C&rsquo;\u00e9tait en 1989 aux Beaux-Arts de PERPIGNAN que j&rsquo;ai crois\u00e9 pour la premiere fois le regard de Dorian Gray dans le film am\u00e9ricain \u00e9ponyme d&rsquo;Albert Lewin de 1945.<\/p>\n<p>Ensuite, je l&rsquo;ai revu dans les ann\u00e9es 90 \u00e0 READING, cette ville a l&rsquo;ouest de LONDRES o\u00f9 l&rsquo;auteur Oscar Wilde a s\u00e9journ\u00e9 en prison. Aujourd&rsquo;hui en 2021, je remonte le tr\u00e8s contest\u00e9 \u00a0\u00bb fleuve Amazon \u00a0\u00bb pour acheter ce roman. Cette histoire de Dorian Gray m&rsquo;a servi de pr\u00e9texte pour me teinter les cheveux avec Garnier et son fameux shampooing colorant Olia chatain fonc\u00e9, et d&rsquo;y ajouter une s\u00e9ance de maquillage anti-ride.<\/p>\n<p>Le r\u00e9sultat semble spectaculaire avec un recul \u00e9vident de 20 ann\u00e9es. \u00ab\u00a0Alors,s&rsquo;ouvre \u00e0 moi la libert\u00e9 de me peindre \u00e0 l&rsquo;or\u00e9e de mon presque centenaire. Je n&rsquo;ai toujours pas lu ce livre, il me reste \u00e0 attendre la fin de l&rsquo;exposition pour emmener ce roman fantastique avec moi cet \u00e9t\u00e9,o\u00f9 bon me semble.<\/p>\n<p>Nicolas GONATI<\/p>[\/et_pb_text][\/et_pb_column][\/et_pb_row][\/et_pb_section][et_pb_section fb_built=\u00a0\u00bb1&Prime; _builder_version=\u00a0\u00bb4.16&Prime; background_color=\u00a0\u00bb#e09900&Prime; custom_padding=\u00a0\u00bb||21px|||\u00a0\u00bb global_colors_info=\u00a0\u00bb{}\u00a0\u00bb][et_pb_row column_structure=\u00a0\u00bb3_5,2_5&Prime; use_custom_gutter=\u00a0\u00bbon\u00a0\u00bb gutter_width=\u00a0\u00bb2&Prime; _builder_version=\u00a0\u00bb4.16&Prime; width=\u00a0\u00bb45%\u00a0\u00bb max_width=\u00a0\u00bb1220px\u00a0\u00bb global_colors_info=\u00a0\u00bb{}\u00a0\u00bb][et_pb_column type=\u00a0\u00bb3_5&Prime; _builder_version=\u00a0\u00bb4.16&Prime; global_colors_info=\u00a0\u00bb{}\u00a0\u00bb][et_pb_image src=\u00a0\u00bbhttps:\/\/www.nicolas-gonati.fr\/wp-content\/uploads\/2023\/11\/2-Aquarelle-sur-papier.jpg\u00a0\u00bb title_text=\u00a0\u00bb2&#8212;Aquarelle-sur-papier\u00a0\u00bb show_in_lightbox=\u00a0\u00bbon\u00a0\u00bb _builder_version=\u00a0\u00bb4.23.1&Prime; width=\u00a0\u00bb80%\u00a0\u00bb border_width_all=\u00a0\u00bb8px\u00a0\u00bb border_color_all=\u00a0\u00bb#FFFFFF\u00a0\u00bb global_colors_info=\u00a0\u00bb{}\u00a0\u00bb][\/et_pb_image][\/et_pb_column][et_pb_column type=\u00a0\u00bb2_5&Prime; _builder_version=\u00a0\u00bb4.16&Prime; global_colors_info=\u00a0\u00bb{}\u00a0\u00bb][et_pb_text _builder_version=\u00a0\u00bb4.23.1&Prime; text_font=\u00a0\u00bbAlata||||||||\u00a0\u00bb text_text_color=\u00a0\u00bb#ffffff\u00a0\u00bb text_font_size=\u00a0\u00bb30px\u00a0\u00bb custom_margin=\u00a0\u00bb60px||||false|false\u00a0\u00bb custom_padding=\u00a0\u00bb||19px|||\u00a0\u00bb text_font_size_tablet=\u00a0\u00bb\u00a0\u00bb text_font_size_phone=\u00a0\u00bb25px\u00a0\u00bb text_font_size_last_edited=\u00a0\u00bbon|phone\u00a0\u00bb global_colors_info=\u00a0\u00bb{}\u00a0\u00bb]<p>48 heures BD \u00e0 la biblioth\u00e8que de la Fert\u00e9 Saint-Aubin 2021<\/p>[\/et_pb_text][et_pb_text _builder_version=\u00a0\u00bb4.23.1&Prime; text_font=\u00a0\u00bbAlata||||||||\u00a0\u00bb text_font_size=\u00a0\u00bb17px\u00a0\u00bb text_line_height=\u00a0\u00bb1.3em\u00a0\u00bb custom_margin=\u00a0\u00bb-10px|||||\u00a0\u00bb global_colors_info=\u00a0\u00bb{}\u00a0\u00bb]<p>(Aquarelle sur papier) 2021<\/p>[\/et_pb_text][\/et_pb_column][\/et_pb_row][\/et_pb_section][et_pb_section fb_built=\u00a0\u00bb1&Prime; _builder_version=\u00a0\u00bb4.16&Prime; custom_padding=\u00a0\u00bb45px|||||\u00a0\u00bb global_colors_info=\u00a0\u00bb{}\u00a0\u00bb][et_pb_row _builder_version=\u00a0\u00bb4.16&Prime; custom_padding=\u00a0\u00bb0px|||||\u00a0\u00bb global_colors_info=\u00a0\u00bb{}\u00a0\u00bb][et_pb_column type=\u00a0\u00bb4_4&Prime; _builder_version=\u00a0\u00bb4.16&Prime; global_colors_info=\u00a0\u00bb{}\u00a0\u00bb][et_pb_divider color=\u00a0\u00bb#E09900&Prime; divider_position=\u00a0\u00bbcenter\u00a0\u00bb divider_weight=\u00a0\u00bb4px\u00a0\u00bb _builder_version=\u00a0\u00bb4.16&Prime; global_colors_info=\u00a0\u00bb{}\u00a0\u00bb][\/et_pb_divider][\/et_pb_column][\/et_pb_row][et_pb_row column_structure=\u00a0\u00bb1_3,1_3,1_3&Prime; _builder_version=\u00a0\u00bb4.16&Prime; custom_margin=\u00a0\u00bb-29px|auto||auto||\u00a0\u00bb global_colors_info=\u00a0\u00bb{}\u00a0\u00bb][et_pb_column type=\u00a0\u00bb1_3&Prime; _builder_version=\u00a0\u00bb4.16&Prime; global_colors_info=\u00a0\u00bb{}\u00a0\u00bb][et_pb_image src=\u00a0\u00bbhttps:\/\/www.nicolas-gonati.fr\/wp-content\/uploads\/2020\/05\/75-Lyc\u00e9e-Arago-acrylique-sur-toile-2019.jpg\u00a0\u00bb title_text=\u00a0\u00bb75-Lyc\u00e9e-Arago-(acrylique-sur-toile-2019)\u00a0\u00bb show_in_lightbox=\u00a0\u00bbon\u00a0\u00bb _builder_version=\u00a0\u00bb4.16&Prime; global_colors_info=\u00a0\u00bb{}\u00a0\u00bb][\/et_pb_image][et_pb_text _builder_version=\u00a0\u00bb4.16&Prime; text_font=\u00a0\u00bbAlata||||||||\u00a0\u00bb text_line_height=\u00a0\u00bb1.3em\u00a0\u00bb custom_margin=\u00a0\u00bb-15px||||false|false\u00a0\u00bb global_colors_info=\u00a0\u00bb{}\u00a0\u00bb]<p><em>Lyc\u00e9e Arago<\/em> (acrylique sur toile) 2019<\/p>[\/et_pb_text][\/et_pb_column][et_pb_column type=\u00a0\u00bb1_3&Prime; _builder_version=\u00a0\u00bb4.16&Prime; global_colors_info=\u00a0\u00bb{}\u00a0\u00bb][et_pb_image src=\u00a0\u00bbhttps:\/\/www.nicolas-gonati.fr\/wp-content\/uploads\/2020\/05\/74-Big-Brother-crayon-de-bois-sur-papier-2018.jpg\u00a0\u00bb title_text=\u00a0\u00bb74-Big-Brother-(crayon-de-bois-sur-papier-2018)\u00a0\u00bb show_in_lightbox=\u00a0\u00bbon\u00a0\u00bb _builder_version=\u00a0\u00bb4.16&Prime; global_colors_info=\u00a0\u00bb{}\u00a0\u00bb][\/et_pb_image][et_pb_text _builder_version=\u00a0\u00bb4.16&Prime; text_font=\u00a0\u00bbAlata||||||||\u00a0\u00bb text_line_height=\u00a0\u00bb1.3em\u00a0\u00bb custom_margin=\u00a0\u00bb-15px||||false|false\u00a0\u00bb global_colors_info=\u00a0\u00bb{}\u00a0\u00bb]<p><em>Big Brother<\/em> (crayon de bois sur papier) 2018<\/p>[\/et_pb_text][\/et_pb_column][et_pb_column type=\u00a0\u00bb1_3&Prime; _builder_version=\u00a0\u00bb4.16&Prime; global_colors_info=\u00a0\u00bb{}\u00a0\u00bb][et_pb_image src=\u00a0\u00bbhttps:\/\/www.nicolas-gonati.fr\/wp-content\/uploads\/2020\/05\/73-F\u00e9tiche-Arumbaya-aquarelle-sur-papier-2018.jpg\u00a0\u00bb title_text=\u00a0\u00bb73-F\u00e9tiche-Arumbaya-(aquarelle-sur-papier-2018)\u00a0\u00bb show_in_lightbox=\u00a0\u00bbon\u00a0\u00bb _builder_version=\u00a0\u00bb4.16&Prime; global_colors_info=\u00a0\u00bb{}\u00a0\u00bb][\/et_pb_image][et_pb_text _builder_version=\u00a0\u00bb4.16&Prime; text_font=\u00a0\u00bbAlata||||||||\u00a0\u00bb text_line_height=\u00a0\u00bb1.3em\u00a0\u00bb custom_margin=\u00a0\u00bb-15px||||false|false\u00a0\u00bb global_colors_info=\u00a0\u00bb{}\u00a0\u00bb]<p><em>F\u00e9tiche Arumbaya<\/em> (aquarelle sur papier) 2018<\/p>[\/et_pb_text][\/et_pb_column][\/et_pb_row][et_pb_row column_structure=\u00a0\u00bb1_3,1_3,1_3&Prime; _builder_version=\u00a0\u00bb4.16&Prime; global_colors_info=\u00a0\u00bb{}\u00a0\u00bb][et_pb_column type=\u00a0\u00bb1_3&Prime; _builder_version=\u00a0\u00bb4.16&Prime; global_colors_info=\u00a0\u00bb{}\u00a0\u00bb][et_pb_image src=\u00a0\u00bbhttps:\/\/www.nicolas-gonati.fr\/wp-content\/uploads\/2020\/05\/72-Messes-basses-pastel-sur-papier-2018.jpg\u00a0\u00bb title_text=\u00a0\u00bb72-Messes-basses-(pastel-sur-papier-2018)\u00a0\u00bb show_in_lightbox=\u00a0\u00bbon\u00a0\u00bb _builder_version=\u00a0\u00bb4.16&Prime; global_colors_info=\u00a0\u00bb{}\u00a0\u00bb][\/et_pb_image][et_pb_text _builder_version=\u00a0\u00bb4.16&Prime; text_font=\u00a0\u00bbAlata||||||||\u00a0\u00bb text_line_height=\u00a0\u00bb1.3em\u00a0\u00bb custom_margin=\u00a0\u00bb-15px||||false|false\u00a0\u00bb global_colors_info=\u00a0\u00bb{}\u00a0\u00bb]<p><em>Messes basses<\/em> (pastel sur papier) 2018<\/p>[\/et_pb_text][\/et_pb_column][et_pb_column type=\u00a0\u00bb1_3&Prime; _builder_version=\u00a0\u00bb4.16&Prime; global_colors_info=\u00a0\u00bb{}\u00a0\u00bb][et_pb_image src=\u00a0\u00bbhttps:\/\/www.nicolas-gonati.fr\/wp-content\/uploads\/2020\/05\/71-Tour-dItalie-crayon-de-bois-sur-papier-2018.jpg\u00a0\u00bb title_text=\u00a0\u00bb71-Tour-d&rsquo;Italie-(crayon-de-bois-sur-papier-2018)\u00a0\u00bb show_in_lightbox=\u00a0\u00bbon\u00a0\u00bb _builder_version=\u00a0\u00bb4.16&Prime; global_colors_info=\u00a0\u00bb{}\u00a0\u00bb][\/et_pb_image][et_pb_text _builder_version=\u00a0\u00bb4.16&Prime; text_font=\u00a0\u00bbAlata||||||||\u00a0\u00bb text_line_height=\u00a0\u00bb1.3em\u00a0\u00bb custom_margin=\u00a0\u00bb-15px||||false|false\u00a0\u00bb global_colors_info=\u00a0\u00bb{}\u00a0\u00bb]<p><em>Tour d&rsquo;Italie<\/em> (crayon de bois sur papier) 2018<\/p>[\/et_pb_text][\/et_pb_column][et_pb_column type=\u00a0\u00bb1_3&Prime; _builder_version=\u00a0\u00bb4.16&Prime; global_colors_info=\u00a0\u00bb{}\u00a0\u00bb][et_pb_image src=\u00a0\u00bbhttps:\/\/www.nicolas-gonati.fr\/wp-content\/uploads\/2020\/05\/70-Pif-Gadget-ou-myxolipome-dans-la-narine-gauche-crayon-de-bois-sur-papier-2018.jpg\u00a0\u00bb title_text=\u00a0\u00bb70-Pif-Gadget-ou-myxolipome-dans-la-narine-gauche-(crayon-de-bois-sur-papier-2018)\u00a0\u00bb show_in_lightbox=\u00a0\u00bbon\u00a0\u00bb _builder_version=\u00a0\u00bb4.16&Prime; global_colors_info=\u00a0\u00bb{}\u00a0\u00bb][\/et_pb_image][et_pb_text _builder_version=\u00a0\u00bb4.16&Prime; text_font=\u00a0\u00bbAlata||||||||\u00a0\u00bb text_line_height=\u00a0\u00bb1.3em\u00a0\u00bb custom_margin=\u00a0\u00bb-15px||||false|false\u00a0\u00bb global_colors_info=\u00a0\u00bb{}\u00a0\u00bb]<p><em>Pif Gadget ou myxolipome dans la narine gauche<\/em> (crayon de bois sur papier) 2018<\/p>[\/et_pb_text][\/et_pb_column][\/et_pb_row][\/et_pb_section][et_pb_section fb_built=\u00a0\u00bb1&Prime; _builder_version=\u00a0\u00bb4.16&Prime; background_color=\u00a0\u00bb#e09900&Prime; custom_padding=\u00a0\u00bb||38px|||\u00a0\u00bb global_colors_info=\u00a0\u00bb{}\u00a0\u00bb][et_pb_row column_structure=\u00a0\u00bb1_4,1_4,1_4,1_4&Prime; use_custom_gutter=\u00a0\u00bbon\u00a0\u00bb gutter_width=\u00a0\u00bb2&Prime; _builder_version=\u00a0\u00bb4.16&Prime; max_width=\u00a0\u00bb1220px\u00a0\u00bb custom_margin=\u00a0\u00bb-18px|auto||auto||\u00a0\u00bb global_colors_info=\u00a0\u00bb{}\u00a0\u00bb][et_pb_column type=\u00a0\u00bb1_4&Prime; _builder_version=\u00a0\u00bb4.16&Prime; global_colors_info=\u00a0\u00bb{}\u00a0\u00bb][et_pb_image src=\u00a0\u00bbhttps:\/\/www.nicolas-gonati.fr\/wp-content\/uploads\/2020\/05\/69-Le-professeur-Gonati-acrylique-sur-toile-2016.jpg\u00a0\u00bb title_text=\u00a0\u00bb69-Le-professeur-Gonati-(acrylique-sur-toile-2016)\u00a0\u00bb show_in_lightbox=\u00a0\u00bbon\u00a0\u00bb _builder_version=\u00a0\u00bb4.16&Prime; box_shadow_style=\u00a0\u00bbpreset1&Prime; global_colors_info=\u00a0\u00bb{}\u00a0\u00bb][\/et_pb_image][et_pb_text _builder_version=\u00a0\u00bb4.16&Prime; text_font=\u00a0\u00bbAlata||||||||\u00a0\u00bb text_text_color=\u00a0\u00bb#ffffff\u00a0\u00bb text_line_height=\u00a0\u00bb1.3em\u00a0\u00bb custom_margin=\u00a0\u00bb-8px||||false|false\u00a0\u00bb global_colors_info=\u00a0\u00bb{}\u00a0\u00bb]<p><em>Le professeur Gonati<\/em>\u00a0(acrylique sur toile) 2018<\/p>[\/et_pb_text][\/et_pb_column][et_pb_column type=\u00a0\u00bb1_4&Prime; _builder_version=\u00a0\u00bb4.16&Prime; global_colors_info=\u00a0\u00bb{}\u00a0\u00bb][et_pb_image src=\u00a0\u00bbhttps:\/\/www.nicolas-gonati.fr\/wp-content\/uploads\/2020\/05\/68-Autoportrait-du-3-juin-1916-crayon-de-bois-sur-papier-2018.jpg\u00a0\u00bb title_text=\u00a0\u00bb68&#8212;Autoportrait-du-3-juin-1916-(crayon-de-bois-sur-papier-2018)\u00a0\u00bb show_in_lightbox=\u00a0\u00bbon\u00a0\u00bb _builder_version=\u00a0\u00bb4.16&Prime; box_shadow_style=\u00a0\u00bbpreset1&Prime; global_colors_info=\u00a0\u00bb{}\u00a0\u00bb][\/et_pb_image][et_pb_text _builder_version=\u00a0\u00bb4.16&Prime; text_font=\u00a0\u00bbAlata||||||||\u00a0\u00bb text_text_color=\u00a0\u00bb#ffffff\u00a0\u00bb text_line_height=\u00a0\u00bb1.3em\u00a0\u00bb custom_margin=\u00a0\u00bb-8px||||false|false\u00a0\u00bb global_colors_info=\u00a0\u00bb{}\u00a0\u00bb]<p><em>Autoportrait du 3 juin 1916<\/em> (crayon de bois sur papier) 2018<\/p>[\/et_pb_text][\/et_pb_column][et_pb_column type=\u00a0\u00bb1_4&Prime; _builder_version=\u00a0\u00bb4.16&Prime; global_colors_info=\u00a0\u00bb{}\u00a0\u00bb][et_pb_image src=\u00a0\u00bbhttps:\/\/www.nicolas-gonati.fr\/wp-content\/uploads\/2020\/05\/67-Le-transfert-de-Neymar-au-PSG-crayon-de-bois-sur-papier-2018.jpg\u00a0\u00bb title_text=\u00a0\u00bb67-Le-transfert-de-Neymar-au-PSG-(crayon-de-bois-sur-papier-2018)\u00a0\u00bb show_in_lightbox=\u00a0\u00bbon\u00a0\u00bb _builder_version=\u00a0\u00bb4.16&Prime; box_shadow_style=\u00a0\u00bbpreset1&Prime; global_colors_info=\u00a0\u00bb{}\u00a0\u00bb][\/et_pb_image][et_pb_text _builder_version=\u00a0\u00bb4.16&Prime; text_font=\u00a0\u00bbAlata||||||||\u00a0\u00bb text_text_color=\u00a0\u00bb#ffffff\u00a0\u00bb text_line_height=\u00a0\u00bb1.3em\u00a0\u00bb custom_margin=\u00a0\u00bb-8px||||false|false\u00a0\u00bb global_colors_info=\u00a0\u00bb{}\u00a0\u00bb]<p><em>Le transfert de Neymar au PSG<\/em> (crayon de bois sur papier) 2018<\/p>[\/et_pb_text][\/et_pb_column][et_pb_column type=\u00a0\u00bb1_4&Prime; _builder_version=\u00a0\u00bb4.16&Prime; global_colors_info=\u00a0\u00bb{}\u00a0\u00bb][et_pb_image src=\u00a0\u00bbhttps:\/\/www.nicolas-gonati.fr\/wp-content\/uploads\/2020\/05\/66-Tour-de-France-crayon-de-bois-sur-papier-2018.jpg\u00a0\u00bb title_text=\u00a0\u00bb66-Tour-de-France-(crayon-de-bois-sur-papier-2018)\u00a0\u00bb show_in_lightbox=\u00a0\u00bbon\u00a0\u00bb _builder_version=\u00a0\u00bb4.16&Prime; box_shadow_style=\u00a0\u00bbpreset1&Prime; global_colors_info=\u00a0\u00bb{}\u00a0\u00bb][\/et_pb_image][et_pb_text _builder_version=\u00a0\u00bb4.16&Prime; text_font=\u00a0\u00bbAlata||||||||\u00a0\u00bb text_text_color=\u00a0\u00bb#ffffff\u00a0\u00bb text_line_height=\u00a0\u00bb1.3em\u00a0\u00bb custom_margin=\u00a0\u00bb-8px||||false|false\u00a0\u00bb global_colors_info=\u00a0\u00bb{}\u00a0\u00bb]<p><em>Tour de France<\/em> (crayon de bois sur papier) 2018<\/p>[\/et_pb_text][\/et_pb_column][\/et_pb_row][\/et_pb_section][et_pb_section fb_built=\u00a0\u00bb1&Prime; _builder_version=\u00a0\u00bb4.16&Prime; global_colors_info=\u00a0\u00bb{}\u00a0\u00bb][et_pb_row column_structure=\u00a0\u00bb1_3,1_3,1_3&Prime; _builder_version=\u00a0\u00bb4.16&Prime; global_colors_info=\u00a0\u00bb{}\u00a0\u00bb][et_pb_column type=\u00a0\u00bb1_3&Prime; _builder_version=\u00a0\u00bb4.16&Prime; global_colors_info=\u00a0\u00bb{}\u00a0\u00bb][et_pb_image src=\u00a0\u00bbhttps:\/\/www.nicolas-gonati.fr\/wp-content\/uploads\/2020\/05\/65-Momie-de-chat-aquarelle-sur-papier-2018.jpg\u00a0\u00bb title_text=\u00a0\u00bb65-Momie-de-chat-(aquarelle-sur-papier-2018)\u00a0\u00bb show_in_lightbox=\u00a0\u00bbon\u00a0\u00bb _builder_version=\u00a0\u00bb4.16&Prime; global_colors_info=\u00a0\u00bb{}\u00a0\u00bb][\/et_pb_image][et_pb_text _builder_version=\u00a0\u00bb4.16&Prime; text_font=\u00a0\u00bbAlata||||||||\u00a0\u00bb text_line_height=\u00a0\u00bb1.3em\u00a0\u00bb custom_margin=\u00a0\u00bb-15px||||false|false\u00a0\u00bb global_colors_info=\u00a0\u00bb{}\u00a0\u00bb]<p><em>Momie de chat<\/em> (aquarelle sur papier) 2018<\/p>[\/et_pb_text][\/et_pb_column][et_pb_column type=\u00a0\u00bb1_3&Prime; _builder_version=\u00a0\u00bb4.16&Prime; global_colors_info=\u00a0\u00bb{}\u00a0\u00bb][et_pb_image src=\u00a0\u00bbhttps:\/\/www.nicolas-gonati.fr\/wp-content\/uploads\/2020\/05\/64-Aigle-noir-pastel-sur-papier-2018.jpg\u00a0\u00bb title_text=\u00a0\u00bb64-Aigle-noir-(pastel-sur-papier-2018)\u00a0\u00bb show_in_lightbox=\u00a0\u00bbon\u00a0\u00bb _builder_version=\u00a0\u00bb4.16&Prime; global_colors_info=\u00a0\u00bb{}\u00a0\u00bb][\/et_pb_image][et_pb_text _builder_version=\u00a0\u00bb4.16&Prime; text_font=\u00a0\u00bbAlata||||||||\u00a0\u00bb text_line_height=\u00a0\u00bb1.3em\u00a0\u00bb custom_margin=\u00a0\u00bb-15px||||false|false\u00a0\u00bb global_colors_info=\u00a0\u00bb{}\u00a0\u00bb]<p><em>Aigle noir<\/em> (pastel sur papier) 2018<\/p>[\/et_pb_text][\/et_pb_column][et_pb_column type=\u00a0\u00bb1_3&Prime; _builder_version=\u00a0\u00bb4.16&Prime; global_colors_info=\u00a0\u00bb{}\u00a0\u00bb][et_pb_image src=\u00a0\u00bbhttps:\/\/www.nicolas-gonati.fr\/wp-content\/uploads\/2020\/05\/63-Triptyque-photographies-2018.jpg\u00a0\u00bb title_text=\u00a0\u00bb63-Triptyque-(photographies-2018)\u00a0\u00bb show_in_lightbox=\u00a0\u00bbon\u00a0\u00bb _builder_version=\u00a0\u00bb4.16&Prime; global_colors_info=\u00a0\u00bb{}\u00a0\u00bb][\/et_pb_image][et_pb_text _builder_version=\u00a0\u00bb4.16&Prime; text_font=\u00a0\u00bbAlata||||||||\u00a0\u00bb text_line_height=\u00a0\u00bb1.3em\u00a0\u00bb custom_margin=\u00a0\u00bb-15px||||false|false\u00a0\u00bb global_colors_info=\u00a0\u00bb{}\u00a0\u00bb]<p><em>Triptyque<\/em> (photographies) 2018<\/p>[\/et_pb_text][\/et_pb_column][\/et_pb_row][et_pb_row column_structure=\u00a0\u00bb1_3,1_3,1_3&Prime; _builder_version=\u00a0\u00bb4.16&Prime; global_colors_info=\u00a0\u00bb{}\u00a0\u00bb][et_pb_column type=\u00a0\u00bb1_3&Prime; _builder_version=\u00a0\u00bb4.16&Prime; global_colors_info=\u00a0\u00bb{}\u00a0\u00bb][et_pb_image src=\u00a0\u00bbhttps:\/\/www.nicolas-gonati.fr\/wp-content\/uploads\/2020\/05\/61-Nicolas-le-jardinier-crayon-de-bois-sur-papier-2016.jpg\u00a0\u00bb title_text=\u00a0\u00bb61-Nicolas-le-jardinier-(crayon-de-bois-sur-papier-2016)\u00a0\u00bb show_in_lightbox=\u00a0\u00bbon\u00a0\u00bb _builder_version=\u00a0\u00bb4.16&Prime; global_colors_info=\u00a0\u00bb{}\u00a0\u00bb][\/et_pb_image][et_pb_text _builder_version=\u00a0\u00bb4.16&Prime; text_font=\u00a0\u00bbAlata||||||||\u00a0\u00bb text_line_height=\u00a0\u00bb1.3em\u00a0\u00bb custom_margin=\u00a0\u00bb-15px||||false|false\u00a0\u00bb global_colors_info=\u00a0\u00bb{}\u00a0\u00bb]<p><em>Nicolas le jardinier<\/em> (crayon de bois sur papier) 2016<\/p>[\/et_pb_text][\/et_pb_column][et_pb_column type=\u00a0\u00bb1_3&Prime; _builder_version=\u00a0\u00bb4.16&Prime; global_colors_info=\u00a0\u00bb{}\u00a0\u00bb][et_pb_image src=\u00a0\u00bbhttps:\/\/www.nicolas-gonati.fr\/wp-content\/uploads\/2020\/05\/54-Alain-Granell-acrylique-sur-toile-2016.jpg\u00a0\u00bb title_text=\u00a0\u00bb54-Alain-Granell-(acrylique-sur-toile-2016)\u00a0\u00bb show_in_lightbox=\u00a0\u00bbon\u00a0\u00bb _builder_version=\u00a0\u00bb4.16&Prime; global_colors_info=\u00a0\u00bb{}\u00a0\u00bb][\/et_pb_image][et_pb_text _builder_version=\u00a0\u00bb4.16&Prime; text_font=\u00a0\u00bbAlata||||||||\u00a0\u00bb text_line_height=\u00a0\u00bb1.3em\u00a0\u00bb custom_margin=\u00a0\u00bb-15px||||false|false\u00a0\u00bb global_colors_info=\u00a0\u00bb{}\u00a0\u00bb]<p><em>Alain Granell<\/em> (acrylique sur toile) 2016<\/p>[\/et_pb_text][\/et_pb_column][et_pb_column type=\u00a0\u00bb1_3&Prime; _builder_version=\u00a0\u00bb4.16&Prime; global_colors_info=\u00a0\u00bb{}\u00a0\u00bb][et_pb_image src=\u00a0\u00bbhttps:\/\/www.nicolas-gonati.fr\/wp-content\/uploads\/2020\/05\/45-R\u00e2pe-sody-in-black-stylo-bic-noir-sur-papier-2016.jpg\u00a0\u00bb title_text=\u00a0\u00bb45-R\u00e2pe-sody-in-black-(stylo-bic-noir-sur-papier-2016)\u00a0\u00bb show_in_lightbox=\u00a0\u00bbon\u00a0\u00bb _builder_version=\u00a0\u00bb4.16&Prime; global_colors_info=\u00a0\u00bb{}\u00a0\u00bb][\/et_pb_image][et_pb_text _builder_version=\u00a0\u00bb4.16&Prime; text_font=\u00a0\u00bbAlata||||||||\u00a0\u00bb text_line_height=\u00a0\u00bb1.3em\u00a0\u00bb custom_margin=\u00a0\u00bb-15px||||false|false\u00a0\u00bb global_colors_info=\u00a0\u00bb{}\u00a0\u00bb]<p><em>R\u00e2pe sody in black<\/em> (stylo bic noir sur papier) 2016<\/p>[\/et_pb_text][\/et_pb_column][\/et_pb_row][et_pb_row column_structure=\u00a0\u00bb1_5,1_5,1_5,1_5,1_5&Prime; _builder_version=\u00a0\u00bb4.16&Prime; global_colors_info=\u00a0\u00bb{}\u00a0\u00bb][et_pb_column type=\u00a0\u00bb1_5&Prime; _builder_version=\u00a0\u00bb4.16&Prime; global_colors_info=\u00a0\u00bb{}\u00a0\u00bb][et_pb_image src=\u00a0\u00bbhttps:\/\/www.nicolas-gonati.fr\/wp-content\/uploads\/2020\/05\/62-Poup\u00e9e-crayon-de-bois-sur-papier-2016.jpg\u00a0\u00bb title_text=\u00a0\u00bb62-Poup\u00e9e-(crayon-de-bois-sur-papier-2016)\u00a0\u00bb show_in_lightbox=\u00a0\u00bbon\u00a0\u00bb _builder_version=\u00a0\u00bb4.16&Prime; global_colors_info=\u00a0\u00bb{}\u00a0\u00bb][\/et_pb_image][et_pb_text _builder_version=\u00a0\u00bb4.16&Prime; text_font=\u00a0\u00bbAlata||||||||\u00a0\u00bb text_line_height=\u00a0\u00bb1.3em\u00a0\u00bb custom_margin=\u00a0\u00bb-15px||||false|false\u00a0\u00bb global_colors_info=\u00a0\u00bb{}\u00a0\u00bb]<p><em>Poup\u00e9e<\/em> (crayon de bois sur papier) 2016<\/p>[\/et_pb_text][\/et_pb_column][et_pb_column type=\u00a0\u00bb1_5&Prime; _builder_version=\u00a0\u00bb4.16&Prime; global_colors_info=\u00a0\u00bb{}\u00a0\u00bb][et_pb_image src=\u00a0\u00bbhttps:\/\/www.nicolas-gonati.fr\/wp-content\/uploads\/2020\/05\/53-Do-majeur-acrylique-sur-toile-2016.jpg\u00a0\u00bb title_text=\u00a0\u00bb53-Do-majeur-(acrylique-sur-toile-2016)\u00a0\u00bb show_in_lightbox=\u00a0\u00bbon\u00a0\u00bb _builder_version=\u00a0\u00bb4.16&Prime; global_colors_info=\u00a0\u00bb{}\u00a0\u00bb][\/et_pb_image][et_pb_text _builder_version=\u00a0\u00bb4.16&Prime; text_font=\u00a0\u00bbAlata||||||||\u00a0\u00bb text_line_height=\u00a0\u00bb1.3em\u00a0\u00bb custom_margin=\u00a0\u00bb-15px||||false|false\u00a0\u00bb global_colors_info=\u00a0\u00bb{}\u00a0\u00bb]<p><em>Do majeur<\/em> (acrylique sur toile) 2016<\/p>[\/et_pb_text][\/et_pb_column][et_pb_column type=\u00a0\u00bb1_5&Prime; _builder_version=\u00a0\u00bb4.16&Prime; global_colors_info=\u00a0\u00bb{}\u00a0\u00bb][et_pb_image src=\u00a0\u00bbhttps:\/\/www.nicolas-gonati.fr\/wp-content\/uploads\/2020\/05\/52-Mur-de-briques-acrylique-sur-bois-2016.jpg\u00a0\u00bb title_text=\u00a0\u00bb52-Mur-de-briques-(acrylique-sur-bois-2016)\u00a0\u00bb show_in_lightbox=\u00a0\u00bbon\u00a0\u00bb _builder_version=\u00a0\u00bb4.16&Prime; global_colors_info=\u00a0\u00bb{}\u00a0\u00bb][\/et_pb_image][et_pb_text _builder_version=\u00a0\u00bb4.16&Prime; text_font=\u00a0\u00bbAlata||||||||\u00a0\u00bb text_line_height=\u00a0\u00bb1.3em\u00a0\u00bb custom_margin=\u00a0\u00bb-15px||||false|false\u00a0\u00bb global_colors_info=\u00a0\u00bb{}\u00a0\u00bb]<p><em>Mur de briques<\/em> (acrylique sur bois) 2016<\/p>[\/et_pb_text][\/et_pb_column][et_pb_column type=\u00a0\u00bb1_5&Prime; _builder_version=\u00a0\u00bb4.16&Prime; global_colors_info=\u00a0\u00bb{}\u00a0\u00bb][et_pb_image src=\u00a0\u00bbhttps:\/\/www.nicolas-gonati.fr\/wp-content\/uploads\/2020\/05\/51-ardoise-acrylique-sur-bois-2016.jpg\u00a0\u00bb title_text=\u00a0\u00bb51-ardoise-(acrylique-sur-bois-2016)\u00a0\u00bb show_in_lightbox=\u00a0\u00bbon\u00a0\u00bb _builder_version=\u00a0\u00bb4.16&Prime; global_colors_info=\u00a0\u00bb{}\u00a0\u00bb][\/et_pb_image][et_pb_text _builder_version=\u00a0\u00bb4.16&Prime; text_font=\u00a0\u00bbAlata||||||||\u00a0\u00bb text_line_height=\u00a0\u00bb1.3em\u00a0\u00bb custom_margin=\u00a0\u00bb-15px||||false|false\u00a0\u00bb global_colors_info=\u00a0\u00bb{}\u00a0\u00bb]<p><em>Ardoise<\/em> (acrylique sur bois) 2016<\/p>[\/et_pb_text][\/et_pb_column][et_pb_column type=\u00a0\u00bb1_5&Prime; _builder_version=\u00a0\u00bb4.16&Prime; global_colors_info=\u00a0\u00bb{}\u00a0\u00bb][et_pb_image src=\u00a0\u00bbhttps:\/\/www.nicolas-gonati.fr\/wp-content\/uploads\/2020\/05\/50-Coucou-acrylique-sur-bois-2016.jpg\u00a0\u00bb title_text=\u00a0\u00bb50-Coucou-(acrylique-sur-bois-2016)\u00a0\u00bb show_in_lightbox=\u00a0\u00bbon\u00a0\u00bb _builder_version=\u00a0\u00bb4.16&Prime; global_colors_info=\u00a0\u00bb{}\u00a0\u00bb][\/et_pb_image][et_pb_text _builder_version=\u00a0\u00bb4.16&Prime; text_font=\u00a0\u00bbAlata||||||||\u00a0\u00bb text_line_height=\u00a0\u00bb1.3em\u00a0\u00bb custom_margin=\u00a0\u00bb-15px||||false|false\u00a0\u00bb global_colors_info=\u00a0\u00bb{}\u00a0\u00bb]<p><em>Coucou<\/em> (acrylique sur bois) 2016<\/p>[\/et_pb_text][\/et_pb_column][\/et_pb_row][\/et_pb_section][et_pb_section fb_built=\u00a0\u00bb1&Prime; _builder_version=\u00a0\u00bb4.16&Prime; background_color=\u00a0\u00bb#e09900&Prime; global_colors_info=\u00a0\u00bb{}\u00a0\u00bb][et_pb_row column_structure=\u00a0\u00bb1_4,1_4,1_4,1_4&Prime; use_custom_gutter=\u00a0\u00bbon\u00a0\u00bb gutter_width=\u00a0\u00bb2&Prime; _builder_version=\u00a0\u00bb4.16&Prime; max_width=\u00a0\u00bb1220px\u00a0\u00bb custom_margin=\u00a0\u00bb-18px|auto||auto||\u00a0\u00bb global_colors_info=\u00a0\u00bb{}\u00a0\u00bb][et_pb_column type=\u00a0\u00bb1_4&Prime; _builder_version=\u00a0\u00bb4.16&Prime; global_colors_info=\u00a0\u00bb{}\u00a0\u00bb][et_pb_image src=\u00a0\u00bbhttps:\/\/www.nicolas-gonati.fr\/wp-content\/uploads\/2020\/05\/60-Vous-avez-un-message-crayon-de-bois-sur-papier-2016.jpg\u00a0\u00bb title_text=\u00a0\u00bb60-Vous-avez-un-message-(crayon-de-bois-sur-papier-2016)\u00a0\u00bb show_in_lightbox=\u00a0\u00bbon\u00a0\u00bb _builder_version=\u00a0\u00bb4.16&Prime; box_shadow_style=\u00a0\u00bbpreset1&Prime; global_colors_info=\u00a0\u00bb{}\u00a0\u00bb][\/et_pb_image][et_pb_text _builder_version=\u00a0\u00bb4.16&Prime; text_font=\u00a0\u00bbAlata||||||||\u00a0\u00bb text_text_color=\u00a0\u00bb#ffffff\u00a0\u00bb text_line_height=\u00a0\u00bb1.3em\u00a0\u00bb custom_margin=\u00a0\u00bb-8px||||false|false\u00a0\u00bb global_colors_info=\u00a0\u00bb{}\u00a0\u00bb]<p><em>Vous avez un message<\/em> (crayon de bois sur papier) 2016<\/p>[\/et_pb_text][\/et_pb_column][et_pb_column type=\u00a0\u00bb1_4&Prime; _builder_version=\u00a0\u00bb4.16&Prime; global_colors_info=\u00a0\u00bb{}\u00a0\u00bb][et_pb_image src=\u00a0\u00bbhttps:\/\/www.nicolas-gonati.fr\/wp-content\/uploads\/2020\/05\/59-hommage-\u00e0-Claude-Fran\u00e7ois-crayon-de-bois-sur-papier-2016.jpg\u00a0\u00bb title_text=\u00a0\u00bb59-hommage-\u00e0-Claude-Fran\u00e7ois-(crayon-de-bois-sur-papier-2016)\u00a0\u00bb show_in_lightbox=\u00a0\u00bbon\u00a0\u00bb _builder_version=\u00a0\u00bb4.16&Prime; box_shadow_style=\u00a0\u00bbpreset1&Prime; global_colors_info=\u00a0\u00bb{}\u00a0\u00bb][\/et_pb_image][et_pb_text _builder_version=\u00a0\u00bb4.16&Prime; text_font=\u00a0\u00bbAlata||||||||\u00a0\u00bb text_text_color=\u00a0\u00bb#ffffff\u00a0\u00bb text_line_height=\u00a0\u00bb1.3em\u00a0\u00bb custom_margin=\u00a0\u00bb-8px||||false|false\u00a0\u00bb global_colors_info=\u00a0\u00bb{}\u00a0\u00bb]<p><em>Hommage \u00e0 Claude Fran\u00e7ois<\/em> (crayon de bois sur papier) 2016<\/p>[\/et_pb_text][\/et_pb_column][et_pb_column type=\u00a0\u00bb1_4&Prime; _builder_version=\u00a0\u00bb4.16&Prime; global_colors_info=\u00a0\u00bb{}\u00a0\u00bb][et_pb_image src=\u00a0\u00bbhttps:\/\/www.nicolas-gonati.fr\/wp-content\/uploads\/2020\/05\/58-pince-\u00e0-linge-crayon-de-bois-sur-papier-2016.jpg\u00a0\u00bb title_text=\u00a0\u00bb58-pince-\u00e0-linge-(crayon-de-bois-sur-papier-2016)\u00a0\u00bb show_in_lightbox=\u00a0\u00bbon\u00a0\u00bb _builder_version=\u00a0\u00bb4.16&Prime; box_shadow_style=\u00a0\u00bbpreset1&Prime; global_colors_info=\u00a0\u00bb{}\u00a0\u00bb][\/et_pb_image][et_pb_text _builder_version=\u00a0\u00bb4.16&Prime; text_font=\u00a0\u00bbAlata||||||||\u00a0\u00bb text_text_color=\u00a0\u00bb#ffffff\u00a0\u00bb text_line_height=\u00a0\u00bb1.3em\u00a0\u00bb custom_margin=\u00a0\u00bb-8px||||false|false\u00a0\u00bb global_colors_info=\u00a0\u00bb{}\u00a0\u00bb]<p><em>Pince \u00e0 linge<\/em> (crayon de bois sur papier) 2016<\/p>[\/et_pb_text][\/et_pb_column][et_pb_column type=\u00a0\u00bb1_4&Prime; _builder_version=\u00a0\u00bb4.16&Prime; global_colors_info=\u00a0\u00bb{}\u00a0\u00bb][et_pb_image src=\u00a0\u00bbhttps:\/\/www.nicolas-gonati.fr\/wp-content\/uploads\/2020\/05\/46-Lavail-crayon-de-bois-sur-papier-2016.jpg\u00a0\u00bb title_text=\u00a0\u00bb46-Lavail-(crayon-de-bois-sur-papier-2016&Prime; show_in_lightbox=\u00a0\u00bbon\u00a0\u00bb _builder_version=\u00a0\u00bb4.16&Prime; box_shadow_style=\u00a0\u00bbpreset1&Prime; global_colors_info=\u00a0\u00bb{}\u00a0\u00bb][\/et_pb_image][et_pb_text _builder_version=\u00a0\u00bb4.16&Prime; text_font=\u00a0\u00bbAlata||||||||\u00a0\u00bb text_text_color=\u00a0\u00bb#ffffff\u00a0\u00bb text_line_height=\u00a0\u00bb1.3em\u00a0\u00bb custom_margin=\u00a0\u00bb-8px||||false|false\u00a0\u00bb global_colors_info=\u00a0\u00bb{}\u00a0\u00bb]<p><em>Lavail<\/em> (crayon de bois sur papier) 2016<\/p>[\/et_pb_text][\/et_pb_column][\/et_pb_row][et_pb_row column_structure=\u00a0\u00bb1_4,1_4,1_4,1_4&Prime; use_custom_gutter=\u00a0\u00bbon\u00a0\u00bb gutter_width=\u00a0\u00bb2&Prime; _builder_version=\u00a0\u00bb4.16&Prime; max_width=\u00a0\u00bb1220px\u00a0\u00bb custom_margin=\u00a0\u00bb-18px|auto||auto||\u00a0\u00bb global_colors_info=\u00a0\u00bb{}\u00a0\u00bb][et_pb_column type=\u00a0\u00bb1_4&Prime; _builder_version=\u00a0\u00bb4.16&Prime; global_colors_info=\u00a0\u00bb{}\u00a0\u00bb][et_pb_image src=\u00a0\u00bbhttps:\/\/www.nicolas-gonati.fr\/wp-content\/uploads\/2020\/05\/57-Bo\u00eete-\u00e0-meuh-crayon-de-bois-sur-papier-2016.jpg\u00a0\u00bb title_text=\u00a0\u00bb57-Bo\u00eete-\u00e0-meuh-(crayon-de-bois-sur-papier-2016)\u00a0\u00bb show_in_lightbox=\u00a0\u00bbon\u00a0\u00bb _builder_version=\u00a0\u00bb4.16&Prime; box_shadow_style=\u00a0\u00bbpreset1&Prime; global_colors_info=\u00a0\u00bb{}\u00a0\u00bb][\/et_pb_image][et_pb_text _builder_version=\u00a0\u00bb4.16&Prime; text_font=\u00a0\u00bbAlata||||||||\u00a0\u00bb text_text_color=\u00a0\u00bb#ffffff\u00a0\u00bb text_line_height=\u00a0\u00bb1.3em\u00a0\u00bb custom_margin=\u00a0\u00bb-8px||||false|false\u00a0\u00bb global_colors_info=\u00a0\u00bb{}\u00a0\u00bb]<p><em>Bo\u00eete \u00e0 meuh<\/em> (crayon de bois sur papier) 2016<\/p>[\/et_pb_text][\/et_pb_column][et_pb_column type=\u00a0\u00bb1_4&Prime; _builder_version=\u00a0\u00bb4.16&Prime; global_colors_info=\u00a0\u00bb{}\u00a0\u00bb][et_pb_image src=\u00a0\u00bbhttps:\/\/www.nicolas-gonati.fr\/wp-content\/uploads\/2020\/05\/49-poign\u00e9e-crayon-de-bois-sur-papier-2016.jpg\u00a0\u00bb title_text=\u00a0\u00bb49-poign\u00e9e-(crayon-de-bois-sur-papier-2016)\u00a0\u00bb show_in_lightbox=\u00a0\u00bbon\u00a0\u00bb _builder_version=\u00a0\u00bb4.16&Prime; box_shadow_style=\u00a0\u00bbpreset1&Prime; global_colors_info=\u00a0\u00bb{}\u00a0\u00bb][\/et_pb_image][et_pb_text _builder_version=\u00a0\u00bb4.16&Prime; text_font=\u00a0\u00bbAlata||||||||\u00a0\u00bb text_text_color=\u00a0\u00bb#ffffff\u00a0\u00bb text_line_height=\u00a0\u00bb1.3em\u00a0\u00bb custom_margin=\u00a0\u00bb-8px||||false|false\u00a0\u00bb global_colors_info=\u00a0\u00bb{}\u00a0\u00bb]<p><em>Poign\u00e9e<\/em> (crayon de bois sur papier) 2016<\/p>[\/et_pb_text][\/et_pb_column][et_pb_column type=\u00a0\u00bb1_4&Prime; _builder_version=\u00a0\u00bb4.16&Prime; global_colors_info=\u00a0\u00bb{}\u00a0\u00bb][et_pb_image src=\u00a0\u00bbhttps:\/\/www.nicolas-gonati.fr\/wp-content\/uploads\/2020\/05\/55-Osselets-huile-sur-toile-2016.jpg\u00a0\u00bb title_text=\u00a0\u00bb55-Osselets-(huile-sur-toile-2016)\u00a0\u00bb show_in_lightbox=\u00a0\u00bbon\u00a0\u00bb _builder_version=\u00a0\u00bb4.16&Prime; box_shadow_style=\u00a0\u00bbpreset1&Prime; global_colors_info=\u00a0\u00bb{}\u00a0\u00bb][\/et_pb_image][et_pb_text _builder_version=\u00a0\u00bb4.16&Prime; text_font=\u00a0\u00bbAlata||||||||\u00a0\u00bb text_text_color=\u00a0\u00bb#ffffff\u00a0\u00bb text_line_height=\u00a0\u00bb1.3em\u00a0\u00bb custom_margin=\u00a0\u00bb-8px||||false|false\u00a0\u00bb global_colors_info=\u00a0\u00bb{}\u00a0\u00bb]<p><em>Osselets<\/em> (huile sur toile) 2016<\/p>[\/et_pb_text][\/et_pb_column][et_pb_column type=\u00a0\u00bb1_4&Prime; _builder_version=\u00a0\u00bb4.16&Prime; global_colors_info=\u00a0\u00bb{}\u00a0\u00bb][et_pb_image src=\u00a0\u00bbhttps:\/\/www.nicolas-gonati.fr\/wp-content\/uploads\/2020\/05\/56-Osselets-crayon-de-bois-sur-papier-2016.jpg\u00a0\u00bb title_text=\u00a0\u00bb56-Osselets-(crayon-de-bois-sur-papier-2016)\u00a0\u00bb show_in_lightbox=\u00a0\u00bbon\u00a0\u00bb _builder_version=\u00a0\u00bb4.16&Prime; box_shadow_style=\u00a0\u00bbpreset1&Prime; global_colors_info=\u00a0\u00bb{}\u00a0\u00bb][\/et_pb_image][et_pb_text _builder_version=\u00a0\u00bb4.16&Prime; text_font=\u00a0\u00bbAlata||||||||\u00a0\u00bb text_text_color=\u00a0\u00bb#ffffff\u00a0\u00bb text_line_height=\u00a0\u00bb1.3em\u00a0\u00bb custom_margin=\u00a0\u00bb-8px||||false|false\u00a0\u00bb global_colors_info=\u00a0\u00bb{}\u00a0\u00bb]<p><em>Osselets<\/em> (crayon de bois sur papier) 2016<\/p>[\/et_pb_text][\/et_pb_column][\/et_pb_row][\/et_pb_section][et_pb_section fb_built=\u00a0\u00bb1&Prime; _builder_version=\u00a0\u00bb4.16&Prime; global_colors_info=\u00a0\u00bb{}\u00a0\u00bb][et_pb_row column_structure=\u00a0\u00bb1_3,1_3,1_3&Prime; _builder_version=\u00a0\u00bb4.16&Prime; global_colors_info=\u00a0\u00bb{}\u00a0\u00bb][et_pb_column type=\u00a0\u00bb1_3&Prime; _builder_version=\u00a0\u00bb4.16&Prime; global_colors_info=\u00a0\u00bb{}\u00a0\u00bb][et_pb_image src=\u00a0\u00bbhttps:\/\/www.nicolas-gonati.fr\/wp-content\/uploads\/2020\/05\/42-N-Gonati-oeuvres-picturales.jpg\u00a0\u00bb title_text=\u00a0\u00bb42-N-Gonati-oeuvres-picturales\u00a0\u00bb show_in_lightbox=\u00a0\u00bbon\u00a0\u00bb _builder_version=\u00a0\u00bb4.16&Prime; global_colors_info=\u00a0\u00bb{}\u00a0\u00bb][\/et_pb_image][et_pb_text _builder_version=\u00a0\u00bb4.16&Prime; text_font=\u00a0\u00bbAlata||||||||\u00a0\u00bb text_line_height=\u00a0\u00bb1.3em\u00a0\u00bb custom_margin=\u00a0\u00bb-15px||||false|false\u00a0\u00bb global_colors_info=\u00a0\u00bb{}\u00a0\u00bb]<p><em>Trou de serrure<\/em>\u00a0(crayon de bois sur papier) 2016<\/p>[\/et_pb_text][\/et_pb_column][et_pb_column type=\u00a0\u00bb1_3&Prime; _builder_version=\u00a0\u00bb4.16&Prime; global_colors_info=\u00a0\u00bb{}\u00a0\u00bb][et_pb_image src=\u00a0\u00bbhttps:\/\/www.nicolas-gonati.fr\/wp-content\/uploads\/2020\/05\/43-N-Gonati-oeuvres-picturales.jpg\u00a0\u00bb title_text=\u00a0\u00bb43-N-Gonati-oeuvres-picturales\u00a0\u00bb show_in_lightbox=\u00a0\u00bbon\u00a0\u00bb _builder_version=\u00a0\u00bb4.16&Prime; global_colors_info=\u00a0\u00bb{}\u00a0\u00bb][\/et_pb_image][et_pb_text _builder_version=\u00a0\u00bb4.16&Prime; text_font=\u00a0\u00bbAlata||||||||\u00a0\u00bb text_line_height=\u00a0\u00bb1.3em\u00a0\u00bb custom_margin=\u00a0\u00bb-15px||||false|false\u00a0\u00bb global_colors_info=\u00a0\u00bb{}\u00a0\u00bb]<p><em>La copine de ma m\u00e8re<\/em> (acrylique sur toile) 2016<\/p>[\/et_pb_text][\/et_pb_column][et_pb_column type=\u00a0\u00bb1_3&Prime; _builder_version=\u00a0\u00bb4.16&Prime; global_colors_info=\u00a0\u00bb{}\u00a0\u00bb][et_pb_image src=\u00a0\u00bbhttps:\/\/www.nicolas-gonati.fr\/wp-content\/uploads\/2020\/05\/44-N-Gonati-oeuvres-picturales.jpg\u00a0\u00bb title_text=\u00a0\u00bb44-N-Gonati-oeuvres-picturales\u00a0\u00bb show_in_lightbox=\u00a0\u00bbon\u00a0\u00bb _builder_version=\u00a0\u00bb4.16&Prime; global_colors_info=\u00a0\u00bb{}\u00a0\u00bb][\/et_pb_image][et_pb_text _builder_version=\u00a0\u00bb4.16&Prime; text_font=\u00a0\u00bbAlata||||||||\u00a0\u00bb text_line_height=\u00a0\u00bb1.3em\u00a0\u00bb custom_margin=\u00a0\u00bb-15px||||false|false\u00a0\u00bb global_colors_info=\u00a0\u00bb{}\u00a0\u00bb]<p><em>Intramusculaires\u00a0<\/em>(acrylique sur bois) 2016<\/p>[\/et_pb_text][\/et_pb_column][\/et_pb_row][\/et_pb_section][et_pb_section fb_built=\u00a0\u00bb1&Prime; _builder_version=\u00a0\u00bb4.16&Prime; background_color=\u00a0\u00bb#e09900&Prime; global_colors_info=\u00a0\u00bb{}\u00a0\u00bb][et_pb_row column_structure=\u00a0\u00bb3_5,2_5&Prime; use_custom_gutter=\u00a0\u00bbon\u00a0\u00bb gutter_width=\u00a0\u00bb2&Prime; _builder_version=\u00a0\u00bb4.16&Prime; width=\u00a0\u00bb45%\u00a0\u00bb max_width=\u00a0\u00bb1220px\u00a0\u00bb global_colors_info=\u00a0\u00bb{}\u00a0\u00bb][et_pb_column type=\u00a0\u00bb3_5&Prime; _builder_version=\u00a0\u00bb4.16&Prime; global_colors_info=\u00a0\u00bb{}\u00a0\u00bb][et_pb_image src=\u00a0\u00bbhttps:\/\/www.nicolas-gonati.fr\/wp-content\/uploads\/2020\/05\/38-N-Gonati-oeuvres-picturales.jpg\u00a0\u00bb title_text=\u00a0\u00bb38-N-Gonati-oeuvres-picturales\u00a0\u00bb show_in_lightbox=\u00a0\u00bbon\u00a0\u00bb _builder_version=\u00a0\u00bb4.16&Prime; global_colors_info=\u00a0\u00bb{}\u00a0\u00bb][\/et_pb_image][et_pb_image src=\u00a0\u00bbhttps:\/\/www.nicolas-gonati.fr\/wp-content\/uploads\/2020\/05\/39-N-Gonati-oeuvres-picturales.jpg\u00a0\u00bb title_text=\u00a0\u00bb39-N-Gonati-oeuvres-picturales\u00a0\u00bb show_in_lightbox=\u00a0\u00bbon\u00a0\u00bb _builder_version=\u00a0\u00bb4.16&Prime; box_shadow_style=\u00a0\u00bbpreset1&Prime; global_colors_info=\u00a0\u00bb{}\u00a0\u00bb][\/et_pb_image][\/et_pb_column][et_pb_column type=\u00a0\u00bb2_5&Prime; _builder_version=\u00a0\u00bb4.16&Prime; global_colors_info=\u00a0\u00bb{}\u00a0\u00bb][et_pb_image src=\u00a0\u00bbhttps:\/\/www.nicolas-gonati.fr\/wp-content\/uploads\/2020\/05\/37-N-Gonati-oeuvres-picturales.jpg\u00a0\u00bb title_text=\u00a0\u00bb37-N-Gonati-oeuvres-picturales\u00a0\u00bb show_in_lightbox=\u00a0\u00bbon\u00a0\u00bb _builder_version=\u00a0\u00bb4.16&Prime; width=\u00a0\u00bb100%\u00a0\u00bb box_shadow_style=\u00a0\u00bbpreset1&Prime; global_colors_info=\u00a0\u00bb{}\u00a0\u00bb][\/et_pb_image][et_pb_text _builder_version=\u00a0\u00bb4.16&Prime; text_font=\u00a0\u00bbAlata||||||||\u00a0\u00bb text_text_color=\u00a0\u00bb#ffffff\u00a0\u00bb text_font_size=\u00a0\u00bb30px\u00a0\u00bb custom_margin=\u00a0\u00bb26px|||||\u00a0\u00bb custom_padding=\u00a0\u00bb||19px|||\u00a0\u00bb text_font_size_tablet=\u00a0\u00bb\u00a0\u00bb text_font_size_phone=\u00a0\u00bb25px\u00a0\u00bb text_font_size_last_edited=\u00a0\u00bbon|phone\u00a0\u00bb global_colors_info=\u00a0\u00bb{}\u00a0\u00bb]<p>Un m\u00e8tre carr\u00e9 de mon petit d\u00e9jeuner<\/p>[\/et_pb_text][et_pb_text _builder_version=\u00a0\u00bb4.16&Prime; text_font=\u00a0\u00bbAlata||||||||\u00a0\u00bb text_font_size=\u00a0\u00bb17px\u00a0\u00bb text_line_height=\u00a0\u00bb1.3em\u00a0\u00bb custom_margin=\u00a0\u00bb-10px|||||\u00a0\u00bb global_colors_info=\u00a0\u00bb{}\u00a0\u00bb]<p>(table d\u00e9coup\u00e9e \u00e0 la scie sauteuse, nappe d\u00e9coup\u00e9e aux ciseaux,acrylique sur morceau de table, biscottes Heudebert et photographies) 2014<\/p>[\/et_pb_text][\/et_pb_column][\/et_pb_row][\/et_pb_section][et_pb_section fb_built=\u00a0\u00bb1&Prime; _builder_version=\u00a0\u00bb4.16&Prime; global_colors_info=\u00a0\u00bb{}\u00a0\u00bb][et_pb_row column_structure=\u00a0\u00bb1_3,1_3,1_3&Prime; _builder_version=\u00a0\u00bb4.16&Prime; global_colors_info=\u00a0\u00bb{}\u00a0\u00bb][et_pb_column type=\u00a0\u00bb1_3&Prime; _builder_version=\u00a0\u00bb4.16&Prime; global_colors_info=\u00a0\u00bb{}\u00a0\u00bb][et_pb_image src=\u00a0\u00bbhttps:\/\/www.nicolas-gonati.fr\/wp-content\/uploads\/2020\/05\/30-Hors-champ-acrylique-sur-bois-2012.jpg\u00a0\u00bb title_text=\u00a0\u00bb30-Hors-champ-(acrylique-sur-bois-2012)\u00a0\u00bb show_in_lightbox=\u00a0\u00bbon\u00a0\u00bb _builder_version=\u00a0\u00bb4.16&Prime; global_colors_info=\u00a0\u00bb{}\u00a0\u00bb][\/et_pb_image][et_pb_text _builder_version=\u00a0\u00bb4.16&Prime; text_font=\u00a0\u00bbAlata||||||||\u00a0\u00bb text_line_height=\u00a0\u00bb1.3em\u00a0\u00bb custom_margin=\u00a0\u00bb-15px||||false|false\u00a0\u00bb global_colors_info=\u00a0\u00bb{}\u00a0\u00bb]<p><em>Hors champ<\/em> (acrylique sur bois) 2012<\/p>[\/et_pb_text][\/et_pb_column][et_pb_column type=\u00a0\u00bb1_3&Prime; _builder_version=\u00a0\u00bb4.16&Prime; global_colors_info=\u00a0\u00bb{}\u00a0\u00bb][et_pb_image src=\u00a0\u00bbhttps:\/\/www.nicolas-gonati.fr\/wp-content\/uploads\/2020\/05\/29-Espace-sexuel-num\u00e9ro-1-acrylique-sur-porte-darmoire-2012.jpg\u00a0\u00bb title_text=\u00a0\u00bb29-Espace-sexuel-num\u00e9ro-1-(acrylique-sur-porte-d&rsquo;armoire-2012)\u00a0\u00bb show_in_lightbox=\u00a0\u00bbon\u00a0\u00bb _builder_version=\u00a0\u00bb4.16&Prime; global_colors_info=\u00a0\u00bb{}\u00a0\u00bb][\/et_pb_image][et_pb_text _builder_version=\u00a0\u00bb4.16&Prime; text_font=\u00a0\u00bbAlata||||||||\u00a0\u00bb text_line_height=\u00a0\u00bb1.3em\u00a0\u00bb custom_margin=\u00a0\u00bb-15px||||false|false\u00a0\u00bb global_colors_info=\u00a0\u00bb{}\u00a0\u00bb]<p><em>Espace sexuel num\u00e9ro 1<\/em> (acrylique sur porte d&rsquo;armoire) 2012<\/p>[\/et_pb_text][\/et_pb_column][et_pb_column type=\u00a0\u00bb1_3&Prime; _builder_version=\u00a0\u00bb4.16&Prime; global_colors_info=\u00a0\u00bb{}\u00a0\u00bb][et_pb_image src=\u00a0\u00bbhttps:\/\/www.nicolas-gonati.fr\/wp-content\/uploads\/2020\/05\/28-Avui-esta-tancat-acrylique-sur-toile-2012.jpg\u00a0\u00bb title_text=\u00a0\u00bb28-Avui-esta-tancat-(acrylique-sur-toile-2012)\u00a0\u00bb show_in_lightbox=\u00a0\u00bbon\u00a0\u00bb _builder_version=\u00a0\u00bb4.16&Prime; global_colors_info=\u00a0\u00bb{}\u00a0\u00bb][\/et_pb_image][et_pb_text _builder_version=\u00a0\u00bb4.16&Prime; text_font=\u00a0\u00bbAlata||||||||\u00a0\u00bb text_line_height=\u00a0\u00bb1.3em\u00a0\u00bb custom_margin=\u00a0\u00bb-15px||||false|false\u00a0\u00bb global_colors_info=\u00a0\u00bb{}\u00a0\u00bb]<p><em>Avui esta tancat<\/em> (acrylique sur toile) 2012<\/p>[\/et_pb_text][\/et_pb_column][\/et_pb_row][et_pb_row column_structure=\u00a0\u00bb1_3,1_3,1_3&Prime; _builder_version=\u00a0\u00bb4.16&Prime; global_colors_info=\u00a0\u00bb{}\u00a0\u00bb][et_pb_column type=\u00a0\u00bb1_3&Prime; _builder_version=\u00a0\u00bb4.16&Prime; global_colors_info=\u00a0\u00bb{}\u00a0\u00bb][et_pb_image src=\u00a0\u00bbhttps:\/\/www.nicolas-gonati.fr\/wp-content\/uploads\/2020\/05\/27-Le-voleur-de-bicyclette-acrylique-sur-toile-2012.jpg\u00a0\u00bb title_text=\u00a0\u00bb27-Le-voleur-de-bicyclette-(acrylique-sur-toile-2012)\u00a0\u00bb show_in_lightbox=\u00a0\u00bbon\u00a0\u00bb _builder_version=\u00a0\u00bb4.16&Prime; global_colors_info=\u00a0\u00bb{}\u00a0\u00bb][\/et_pb_image][et_pb_text _builder_version=\u00a0\u00bb4.16&Prime; text_font=\u00a0\u00bbAlata||||||||\u00a0\u00bb text_line_height=\u00a0\u00bb1.3em\u00a0\u00bb custom_margin=\u00a0\u00bb-15px||||false|false\u00a0\u00bb global_colors_info=\u00a0\u00bb{}\u00a0\u00bb]<p><em>Le voleur de bicyclette<\/em> (acrylique sur toile) 2012<\/p>[\/et_pb_text][\/et_pb_column][et_pb_column type=\u00a0\u00bb1_3&Prime; _builder_version=\u00a0\u00bb4.16&Prime; global_colors_info=\u00a0\u00bb{}\u00a0\u00bb][et_pb_image src=\u00a0\u00bbhttps:\/\/www.nicolas-gonati.fr\/wp-content\/uploads\/2020\/05\/26-Docteur-Lagrav\u00e8re-\u00e0-Marseille-acrylique-sur-bois-2011.jpg\u00a0\u00bb title_text=\u00a0\u00bb26-Docteur-Lagrav\u00e8re-\u00e0-Marseille-(acrylique-sur-bois-2011)\u00a0\u00bb show_in_lightbox=\u00a0\u00bbon\u00a0\u00bb _builder_version=\u00a0\u00bb4.16&Prime; global_colors_info=\u00a0\u00bb{}\u00a0\u00bb][\/et_pb_image][et_pb_text _builder_version=\u00a0\u00bb4.16&Prime; text_font=\u00a0\u00bbAlata||||||||\u00a0\u00bb text_line_height=\u00a0\u00bb1.3em\u00a0\u00bb custom_margin=\u00a0\u00bb-15px||||false|false\u00a0\u00bb global_colors_info=\u00a0\u00bb{}\u00a0\u00bb]<p><em>Docteur Lagrav\u00e8re \u00e0 Marseille<\/em> (acrylique sur bois) 2011<\/p>[\/et_pb_text][\/et_pb_column][et_pb_column type=\u00a0\u00bb1_3&Prime; _builder_version=\u00a0\u00bb4.16&Prime; global_colors_info=\u00a0\u00bb{}\u00a0\u00bb][et_pb_image src=\u00a0\u00bbhttps:\/\/www.nicolas-gonati.fr\/wp-content\/uploads\/2020\/05\/25-Jacques-Higelin-au-vieux-beffroi-acrylique-sur-bois-2011.jpg\u00a0\u00bb title_text=\u00a0\u00bb25-Jacques-Higelin-au-vieux-beffroi-(acrylique-sur-bois-2011)\u00a0\u00bb show_in_lightbox=\u00a0\u00bbon\u00a0\u00bb _builder_version=\u00a0\u00bb4.16&Prime; global_colors_info=\u00a0\u00bb{}\u00a0\u00bb][\/et_pb_image][et_pb_text _builder_version=\u00a0\u00bb4.16&Prime; text_font=\u00a0\u00bbAlata||||||||\u00a0\u00bb text_line_height=\u00a0\u00bb1.3em\u00a0\u00bb custom_margin=\u00a0\u00bb-15px||||false|false\u00a0\u00bb global_colors_info=\u00a0\u00bb{}\u00a0\u00bb]<p><em>Jacques Higelin au vieux beffroi<\/em> (acrylique sur bois) 2011<\/p>[\/et_pb_text][\/et_pb_column][\/et_pb_row][et_pb_row _builder_version=\u00a0\u00bb4.16&Prime; custom_margin=\u00a0\u00bb|auto|-75px|auto||\u00a0\u00bb global_colors_info=\u00a0\u00bb{}\u00a0\u00bb][et_pb_column type=\u00a0\u00bb4_4&Prime; _builder_version=\u00a0\u00bb4.16&Prime; global_colors_info=\u00a0\u00bb{}\u00a0\u00bb][et_pb_divider color=\u00a0\u00bb#E09900&Prime; divider_position=\u00a0\u00bbcenter\u00a0\u00bb divider_weight=\u00a0\u00bb4px\u00a0\u00bb _builder_version=\u00a0\u00bb4.16&Prime; global_colors_info=\u00a0\u00bb{}\u00a0\u00bb][\/et_pb_divider][\/et_pb_column][\/et_pb_row][\/et_pb_section][et_pb_section fb_built=\u00a0\u00bb1&Prime; _builder_version=\u00a0\u00bb4.16&Prime; global_colors_info=\u00a0\u00bb{}\u00a0\u00bb][et_pb_row column_structure=\u00a0\u00bb1_2,1_2&Prime; _builder_version=\u00a0\u00bb4.16&Prime; width=\u00a0\u00bb56%\u00a0\u00bb custom_margin=\u00a0\u00bb-45px|auto||auto||\u00a0\u00bb global_colors_info=\u00a0\u00bb{}\u00a0\u00bb][et_pb_column type=\u00a0\u00bb1_2&Prime; _builder_version=\u00a0\u00bb4.16&Prime; global_colors_info=\u00a0\u00bb{}\u00a0\u00bb][et_pb_image src=\u00a0\u00bbhttps:\/\/www.nicolas-gonati.fr\/wp-content\/uploads\/2020\/05\/22-N-Gonati-oeuvres-picturales.jpg\u00a0\u00bb title_text=\u00a0\u00bb22-N-Gonati-oeuvres-picturales\u00a0\u00bb show_in_lightbox=\u00a0\u00bbon\u00a0\u00bb _builder_version=\u00a0\u00bb4.16&Prime; global_colors_info=\u00a0\u00bb{}\u00a0\u00bb][\/et_pb_image][\/et_pb_column][et_pb_column type=\u00a0\u00bb1_2&Prime; _builder_version=\u00a0\u00bb4.16&Prime; global_colors_info=\u00a0\u00bb{}\u00a0\u00bb][et_pb_image src=\u00a0\u00bbhttps:\/\/www.nicolas-gonati.fr\/wp-content\/uploads\/2020\/05\/21-Chez-Marie-Louise-et-Alain-Peinture-murale-acrylique-2010.jpg\u00a0\u00bb title_text=\u00a0\u00bb21-Chez-Marie-Louise-et-Alain&#8211;(Peinture-murale-acrylique-2010)\u00a0\u00bb show_in_lightbox=\u00a0\u00bbon\u00a0\u00bb _builder_version=\u00a0\u00bb4.16&Prime; global_colors_info=\u00a0\u00bb{}\u00a0\u00bb][\/et_pb_image][et_pb_text _builder_version=\u00a0\u00bb4.16&Prime; text_font=\u00a0\u00bbAlata||||||||\u00a0\u00bb text_font_size=\u00a0\u00bb30px\u00a0\u00bb global_colors_info=\u00a0\u00bb{}\u00a0\u00bb]<p>Chez Marie-Louise et Alain<\/p>[\/et_pb_text][et_pb_text _builder_version=\u00a0\u00bb4.16&Prime; text_font=\u00a0\u00bbAlata||||||||\u00a0\u00bb text_font_size=\u00a0\u00bb17px\u00a0\u00bb custom_margin=\u00a0\u00bb-10px|||||\u00a0\u00bb global_colors_info=\u00a0\u00bb{}\u00a0\u00bb]<p>(acrylique) 2010<\/p>[\/et_pb_text][\/et_pb_column][\/et_pb_row][et_pb_row _builder_version=\u00a0\u00bb4.16&Prime; custom_margin=\u00a0\u00bb|auto|-75px|auto||\u00a0\u00bb global_colors_info=\u00a0\u00bb{}\u00a0\u00bb][et_pb_column type=\u00a0\u00bb4_4&Prime; _builder_version=\u00a0\u00bb4.16&Prime; global_colors_info=\u00a0\u00bb{}\u00a0\u00bb][et_pb_divider color=\u00a0\u00bb#E09900&Prime; divider_position=\u00a0\u00bbcenter\u00a0\u00bb divider_weight=\u00a0\u00bb4px\u00a0\u00bb _builder_version=\u00a0\u00bb4.16&Prime; custom_padding=\u00a0\u00bb||42px|||\u00a0\u00bb global_colors_info=\u00a0\u00bb{}\u00a0\u00bb][\/et_pb_divider][\/et_pb_column][\/et_pb_row][et_pb_row _builder_version=\u00a0\u00bb4.16&Prime; global_colors_info=\u00a0\u00bb{}\u00a0\u00bb][et_pb_column type=\u00a0\u00bb4_4&Prime; _builder_version=\u00a0\u00bb4.16&Prime; global_colors_info=\u00a0\u00bb{}\u00a0\u00bb][et_pb_image src=\u00a0\u00bbhttps:\/\/www.nicolas-gonati.fr\/wp-content\/uploads\/2020\/05\/24-Peinture-murale-\u00e0-Estagel-acrylique-2011-1.jpg\u00a0\u00bb title_text=\u00a0\u00bb24-Peinture-murale-\u00e0-Estagel-(acrylique-2011)\u00a0\u00bb show_in_lightbox=\u00a0\u00bbon\u00a0\u00bb _builder_version=\u00a0\u00bb4.16&Prime; global_colors_info=\u00a0\u00bb{}\u00a0\u00bb][\/et_pb_image][et_pb_text _builder_version=\u00a0\u00bb4.16&Prime; text_font=\u00a0\u00bbAlata||||||||\u00a0\u00bb text_line_height=\u00a0\u00bb1.3em\u00a0\u00bb custom_margin=\u00a0\u00bb-15px||||false|false\u00a0\u00bb global_colors_info=\u00a0\u00bb{}\u00a0\u00bb]<p><i>Peinture murale \u00e0 Estagel\u00a0<\/i>(acrylique) 2011<\/p>[\/et_pb_text][\/et_pb_column][\/et_pb_row][\/et_pb_section][et_pb_section fb_built=\u00a0\u00bb1&Prime; _builder_version=\u00a0\u00bb4.16&Prime; background_color=\u00a0\u00bb#e09900&Prime; custom_padding=\u00a0\u00bb||42px|||\u00a0\u00bb global_colors_info=\u00a0\u00bb{}\u00a0\u00bb][et_pb_row column_structure=\u00a0\u00bb1_3,1_3,1_3&Prime; use_custom_gutter=\u00a0\u00bbon\u00a0\u00bb gutter_width=\u00a0\u00bb2&Prime; _builder_version=\u00a0\u00bb4.16&Prime; max_width=\u00a0\u00bb1220px\u00a0\u00bb global_colors_info=\u00a0\u00bb{}\u00a0\u00bb][et_pb_column type=\u00a0\u00bb1_3&Prime; _builder_version=\u00a0\u00bb4.16&Prime; global_colors_info=\u00a0\u00bb{}\u00a0\u00bb][et_pb_image src=\u00a0\u00bbhttps:\/\/www.nicolas-gonati.fr\/wp-content\/uploads\/2020\/05\/18-Le-dictionnaire-encyclop\u00e9dique-acrylique-sur-toile-2006.jpg\u00a0\u00bb title_text=\u00a0\u00bb18-Le-dictionnaire-encyclop\u00e9dique-(acrylique-sur-toile-2006)\u00a0\u00bb show_in_lightbox=\u00a0\u00bbon\u00a0\u00bb _builder_version=\u00a0\u00bb4.16&Prime; box_shadow_style=\u00a0\u00bbpreset1&Prime; global_colors_info=\u00a0\u00bb{}\u00a0\u00bb][\/et_pb_image][\/et_pb_column][et_pb_column type=\u00a0\u00bb1_3&Prime; _builder_version=\u00a0\u00bb4.16&Prime; global_colors_info=\u00a0\u00bb{}\u00a0\u00bb][et_pb_image src=\u00a0\u00bbhttps:\/\/www.nicolas-gonati.fr\/wp-content\/uploads\/2020\/05\/20-N-Gonati-oeuvres-picturales2.jpg\u00a0\u00bb title_text=\u00a0\u00bb20-N-Gonati-oeuvres-picturales2&Prime; show_in_lightbox=\u00a0\u00bbon\u00a0\u00bb _builder_version=\u00a0\u00bb4.16&Prime; global_colors_info=\u00a0\u00bb{}\u00a0\u00bb][\/et_pb_image][\/et_pb_column][et_pb_column type=\u00a0\u00bb1_3&Prime; _builder_version=\u00a0\u00bb4.16&Prime; global_colors_info=\u00a0\u00bb{}\u00a0\u00bb][et_pb_image src=\u00a0\u00bbhttps:\/\/www.nicolas-gonati.fr\/wp-content\/uploads\/2020\/05\/19-N-Gonati-oeuvres-picturales.jpg\u00a0\u00bb title_text=\u00a0\u00bb19-N-Gonati-oeuvres-picturales\u00a0\u00bb show_in_lightbox=\u00a0\u00bbon\u00a0\u00bb _builder_version=\u00a0\u00bb4.16&Prime; box_shadow_style=\u00a0\u00bbpreset1&Prime; global_colors_info=\u00a0\u00bb{}\u00a0\u00bb][\/et_pb_image][et_pb_text _builder_version=\u00a0\u00bb4.16&Prime; text_font=\u00a0\u00bbAlata||||||||\u00a0\u00bb text_text_color=\u00a0\u00bb#ffffff\u00a0\u00bb text_font_size=\u00a0\u00bb30px\u00a0\u00bb custom_margin=\u00a0\u00bb26px|||||\u00a0\u00bb custom_padding=\u00a0\u00bb||19px|||\u00a0\u00bb global_colors_info=\u00a0\u00bb{}\u00a0\u00bb]<p>Le dictionnaire encyclop\u00e9dique\u00a0<\/p>[\/et_pb_text][et_pb_text _builder_version=\u00a0\u00bb4.16&Prime; text_font=\u00a0\u00bbAlata||||||||\u00a0\u00bb text_font_size=\u00a0\u00bb17px\u00a0\u00bb custom_margin=\u00a0\u00bb-10px|||||\u00a0\u00bb global_colors_info=\u00a0\u00bb{}\u00a0\u00bb]<p>(acrylique sur toile) 2006<\/p>[\/et_pb_text][\/et_pb_column][\/et_pb_row][\/et_pb_section][et_pb_section fb_built=\u00a0\u00bb1&Prime; _builder_version=\u00a0\u00bb4.16&Prime; global_colors_info=\u00a0\u00bb{}\u00a0\u00bb][et_pb_row column_structure=\u00a0\u00bb1_2,1_2&Prime; _builder_version=\u00a0\u00bb4.16&Prime; width=\u00a0\u00bb56%\u00a0\u00bb global_colors_info=\u00a0\u00bb{}\u00a0\u00bb][et_pb_column type=\u00a0\u00bb1_2&Prime; _builder_version=\u00a0\u00bb4.16&Prime; global_colors_info=\u00a0\u00bb{}\u00a0\u00bb][et_pb_image src=\u00a0\u00bbhttps:\/\/www.nicolas-gonati.fr\/wp-content\/uploads\/2020\/05\/16-N-Gonati-oeuvres-picturales.jpg\u00a0\u00bb title_text=\u00a0\u00bb16-N-Gonati-oeuvres-picturales\u00a0\u00bb show_in_lightbox=\u00a0\u00bbon\u00a0\u00bb _builder_version=\u00a0\u00bb4.16&Prime; global_colors_info=\u00a0\u00bb{}\u00a0\u00bb][\/et_pb_image][\/et_pb_column][et_pb_column type=\u00a0\u00bb1_2&Prime; _builder_version=\u00a0\u00bb4.16&Prime; global_colors_info=\u00a0\u00bb{}\u00a0\u00bb][et_pb_text _builder_version=\u00a0\u00bb4.16&Prime; text_font=\u00a0\u00bbAlata||||||||\u00a0\u00bb text_font_size=\u00a0\u00bb30px\u00a0\u00bb global_colors_info=\u00a0\u00bb{}\u00a0\u00bb]<p>Cartes postales<\/p>[\/et_pb_text][et_pb_text _builder_version=\u00a0\u00bb4.16&Prime; text_font=\u00a0\u00bbAlata||||||||\u00a0\u00bb text_font_size=\u00a0\u00bb17px\u00a0\u00bb custom_margin=\u00a0\u00bb-10px|||||\u00a0\u00bb global_colors_info=\u00a0\u00bb{}\u00a0\u00bb]<p>(acrylique sur bois) 2002<\/p>[\/et_pb_text][et_pb_image src=\u00a0\u00bbhttps:\/\/www.nicolas-gonati.fr\/wp-content\/uploads\/2020\/05\/17-N-Gonati-oeuvres-picturales.jpg\u00a0\u00bb title_text=\u00a0\u00bb17-N-Gonati-oeuvres-picturales\u00a0\u00bb show_in_lightbox=\u00a0\u00bbon\u00a0\u00bb _builder_version=\u00a0\u00bb4.16&Prime; global_colors_info=\u00a0\u00bb{}\u00a0\u00bb][\/et_pb_image][et_pb_image src=\u00a0\u00bbhttps:\/\/www.nicolas-gonati.fr\/wp-content\/uploads\/2020\/05\/15-N-Gonati-oeuvres-picturales.jpg\u00a0\u00bb title_text=\u00a0\u00bb15-N-Gonati-oeuvres-picturales\u00a0\u00bb show_in_lightbox=\u00a0\u00bbon\u00a0\u00bb _builder_version=\u00a0\u00bb4.16&Prime; global_colors_info=\u00a0\u00bb{}\u00a0\u00bb][\/et_pb_image][\/et_pb_column][\/et_pb_row][\/et_pb_section][et_pb_section fb_built=\u00a0\u00bb1&Prime; _builder_version=\u00a0\u00bb4.16&Prime; background_color=\u00a0\u00bb#e09900&Prime; custom_padding=\u00a0\u00bb||29px|||\u00a0\u00bb global_colors_info=\u00a0\u00bb{}\u00a0\u00bb][et_pb_row column_structure=\u00a0\u00bb1_3,1_3,1_3&Prime; use_custom_gutter=\u00a0\u00bbon\u00a0\u00bb gutter_width=\u00a0\u00bb2&Prime; _builder_version=\u00a0\u00bb4.16&Prime; max_width=\u00a0\u00bb1220px\u00a0\u00bb custom_margin=\u00a0\u00bb-18px|auto||auto||\u00a0\u00bb global_colors_info=\u00a0\u00bb{}\u00a0\u00bb][et_pb_column type=\u00a0\u00bb1_3&Prime; _builder_version=\u00a0\u00bb4.16&Prime; global_colors_info=\u00a0\u00bb{}\u00a0\u00bb][et_pb_image src=\u00a0\u00bbhttps:\/\/www.nicolas-gonati.fr\/wp-content\/uploads\/2020\/05\/12-Sophie-au-balcon-acrylique-sur-bois-2001.jpg\u00a0\u00bb title_text=\u00a0\u00bb12-Sophie-au-balcon-(acrylique-sur-bois-2001)\u00a0\u00bb show_in_lightbox=\u00a0\u00bbon\u00a0\u00bb _builder_version=\u00a0\u00bb4.16&Prime; box_shadow_style=\u00a0\u00bbpreset1&Prime; global_colors_info=\u00a0\u00bb{}\u00a0\u00bb][\/et_pb_image][et_pb_text _builder_version=\u00a0\u00bb4.16&Prime; text_font=\u00a0\u00bbAlata||||||||\u00a0\u00bb text_text_color=\u00a0\u00bb#ffffff\u00a0\u00bb text_line_height=\u00a0\u00bb1.3em\u00a0\u00bb custom_margin=\u00a0\u00bb-8px||||false|false\u00a0\u00bb global_colors_info=\u00a0\u00bb{}\u00a0\u00bb]<p><em>Sophie au balcon<\/em> (acrylique sur bois) 2001<\/p>[\/et_pb_text][\/et_pb_column][et_pb_column type=\u00a0\u00bb1_3&Prime; _builder_version=\u00a0\u00bb4.16&Prime; global_colors_info=\u00a0\u00bb{}\u00a0\u00bb][et_pb_image src=\u00a0\u00bbhttps:\/\/www.nicolas-gonati.fr\/wp-content\/uploads\/2020\/05\/11-Bouddha-catalan-crayon-de-bois-sur-papier-2000.jpg\u00a0\u00bb title_text=\u00a0\u00bb11-Bouddha-catalan-(crayon-de-bois-sur-papier-2000)\u00a0\u00bb show_in_lightbox=\u00a0\u00bbon\u00a0\u00bb _builder_version=\u00a0\u00bb4.16&Prime; box_shadow_style=\u00a0\u00bbpreset1&Prime; global_colors_info=\u00a0\u00bb{}\u00a0\u00bb][\/et_pb_image][et_pb_text _builder_version=\u00a0\u00bb4.16&Prime; text_font=\u00a0\u00bbAlata||||||||\u00a0\u00bb text_text_color=\u00a0\u00bb#ffffff\u00a0\u00bb text_line_height=\u00a0\u00bb1.3em\u00a0\u00bb custom_margin=\u00a0\u00bb-8px||||false|false\u00a0\u00bb global_colors_info=\u00a0\u00bb{}\u00a0\u00bb]<p><em>Bouddha catalan<\/em> (crayon de bois sur papier) 2000<\/p>[\/et_pb_text][\/et_pb_column][et_pb_column type=\u00a0\u00bb1_3&Prime; _builder_version=\u00a0\u00bb4.16&Prime; global_colors_info=\u00a0\u00bb{}\u00a0\u00bb][et_pb_image src=\u00a0\u00bbhttps:\/\/www.nicolas-gonati.fr\/wp-content\/uploads\/2020\/05\/3-Autoportrait-\u00e0-loreille-cach\u00e9e-acrylique-sur-toile-1998-1.jpg\u00a0\u00bb title_text=\u00a0\u00bb3-Autoportrait-\u00e0-l&rsquo;oreille-cach\u00e9e-(acrylique-sur-toile-1998)\u00a0\u00bb show_in_lightbox=\u00a0\u00bbon\u00a0\u00bb _builder_version=\u00a0\u00bb4.16&Prime; box_shadow_style=\u00a0\u00bbpreset1&Prime; global_colors_info=\u00a0\u00bb{}\u00a0\u00bb][\/et_pb_image][et_pb_text _builder_version=\u00a0\u00bb4.16&Prime; text_font=\u00a0\u00bbAlata||||||||\u00a0\u00bb text_text_color=\u00a0\u00bb#ffffff\u00a0\u00bb text_line_height=\u00a0\u00bb1.3em\u00a0\u00bb custom_margin=\u00a0\u00bb-8px||||false|false\u00a0\u00bb global_colors_info=\u00a0\u00bb{}\u00a0\u00bb]<p><em>Autoportrait \u00e0 l&rsquo;oreille cach\u00e9e<\/em> (acrylique sur toile) 1998<\/p>[\/et_pb_text][\/et_pb_column][\/et_pb_row][\/et_pb_section][et_pb_section fb_built=\u00a0\u00bb1&Prime; _builder_version=\u00a0\u00bb4.16&Prime; global_colors_info=\u00a0\u00bb{}\u00a0\u00bb][et_pb_row column_structure=\u00a0\u00bb1_2,1_2&Prime; _builder_version=\u00a0\u00bb4.16&Prime; width=\u00a0\u00bb56%\u00a0\u00bb global_colors_info=\u00a0\u00bb{}\u00a0\u00bb][et_pb_column type=\u00a0\u00bb1_2&Prime; _builder_version=\u00a0\u00bb4.16&Prime; global_colors_info=\u00a0\u00bb{}\u00a0\u00bb][et_pb_image src=\u00a0\u00bbhttps:\/\/www.nicolas-gonati.fr\/wp-content\/uploads\/2020\/05\/5-Striptyque-crayon-de-couleur-et-bois-1998.jpg\u00a0\u00bb title_text=\u00a0\u00bb5-Striptyque-(crayon-de-couleur-et-bois-1998)\u00a0\u00bb show_in_lightbox=\u00a0\u00bbon\u00a0\u00bb align=\u00a0\u00bbcenter\u00a0\u00bb _builder_version=\u00a0\u00bb4.16&Prime; width=\u00a0\u00bb59%\u00a0\u00bb global_colors_info=\u00a0\u00bb{}\u00a0\u00bb][\/et_pb_image][\/et_pb_column][et_pb_column type=\u00a0\u00bb1_2&Prime; _builder_version=\u00a0\u00bb4.16&Prime; global_colors_info=\u00a0\u00bb{}\u00a0\u00bb][et_pb_image src=\u00a0\u00bbhttps:\/\/www.nicolas-gonati.fr\/wp-content\/uploads\/2020\/05\/6-N-Gonati-oeuvres-picturales.jpg\u00a0\u00bb title_text=\u00a0\u00bb6-N-Gonati-oeuvres-picturales\u00a0\u00bb show_in_lightbox=\u00a0\u00bbon\u00a0\u00bb _builder_version=\u00a0\u00bb4.16&Prime; global_colors_info=\u00a0\u00bb{}\u00a0\u00bb][\/et_pb_image][et_pb_text _builder_version=\u00a0\u00bb4.16&Prime; text_font=\u00a0\u00bbAlata||||||||\u00a0\u00bb text_font_size=\u00a0\u00bb30px\u00a0\u00bb global_colors_info=\u00a0\u00bb{}\u00a0\u00bb]<p>Striptyque<\/p>[\/et_pb_text][et_pb_text _builder_version=\u00a0\u00bb4.16&Prime; text_font=\u00a0\u00bbAlata||||||||\u00a0\u00bb text_font_size=\u00a0\u00bb17px\u00a0\u00bb custom_margin=\u00a0\u00bb-10px|||||\u00a0\u00bb global_colors_info=\u00a0\u00bb{}\u00a0\u00bb]<p>(crayon de couleur et bois) 1998<\/p>[\/et_pb_text][\/et_pb_column][\/et_pb_row][et_pb_row column_structure=\u00a0\u00bb1_3,1_3,1_3&Prime; _builder_version=\u00a0\u00bb4.16&Prime; global_colors_info=\u00a0\u00bb{}\u00a0\u00bb][et_pb_column type=\u00a0\u00bb1_3&Prime; _builder_version=\u00a0\u00bb4.16&Prime; global_colors_info=\u00a0\u00bb{}\u00a0\u00bb][et_pb_image src=\u00a0\u00bbhttps:\/\/www.nicolas-gonati.fr\/wp-content\/uploads\/2020\/05\/7-N-Gonati-oeuvres-picturales.jpg\u00a0\u00bb title_text=\u00a0\u00bb7-N-Gonati-oeuvres-picturales\u00a0\u00bb show_in_lightbox=\u00a0\u00bbon\u00a0\u00bb _builder_version=\u00a0\u00bb4.16&Prime; global_colors_info=\u00a0\u00bb{}\u00a0\u00bb][\/et_pb_image][\/et_pb_column][et_pb_column type=\u00a0\u00bb1_3&Prime; _builder_version=\u00a0\u00bb4.16&Prime; global_colors_info=\u00a0\u00bb{}\u00a0\u00bb][et_pb_image src=\u00a0\u00bbhttps:\/\/www.nicolas-gonati.fr\/wp-content\/uploads\/2020\/05\/8-N-Gonati-oeuvres-picturales.jpg\u00a0\u00bb title_text=\u00a0\u00bb8-N-Gonati-oeuvres-picturales\u00a0\u00bb show_in_lightbox=\u00a0\u00bbon\u00a0\u00bb _builder_version=\u00a0\u00bb4.16&Prime; global_colors_info=\u00a0\u00bb{}\u00a0\u00bb][\/et_pb_image][\/et_pb_column][et_pb_column type=\u00a0\u00bb1_3&Prime; _builder_version=\u00a0\u00bb4.16&Prime; global_colors_info=\u00a0\u00bb{}\u00a0\u00bb][et_pb_image src=\u00a0\u00bbhttps:\/\/www.nicolas-gonati.fr\/wp-content\/uploads\/2020\/05\/9-N-Gonati-oeuvres-picturales.jpg\u00a0\u00bb title_text=\u00a0\u00bb9-N-Gonati-oeuvres-picturales\u00a0\u00bb show_in_lightbox=\u00a0\u00bbon\u00a0\u00bb _builder_version=\u00a0\u00bb4.16&Prime; global_colors_info=\u00a0\u00bb{}\u00a0\u00bb][\/et_pb_image][\/et_pb_column][\/et_pb_row][et_pb_row _builder_version=\u00a0\u00bb4.16&Prime; global_colors_info=\u00a0\u00bb{}\u00a0\u00bb][et_pb_column type=\u00a0\u00bb4_4&Prime; _builder_version=\u00a0\u00bb4.16&Prime; global_colors_info=\u00a0\u00bb{}\u00a0\u00bb][et_pb_divider color=\u00a0\u00bb#E09900&Prime; divider_position=\u00a0\u00bbcenter\u00a0\u00bb divider_weight=\u00a0\u00bb4px\u00a0\u00bb _builder_version=\u00a0\u00bb4.16&Prime; global_colors_info=\u00a0\u00bb{}\u00a0\u00bb][\/et_pb_divider][\/et_pb_column][\/et_pb_row][et_pb_row _builder_version=\u00a0\u00bb4.16&Prime; global_colors_info=\u00a0\u00bb{}\u00a0\u00bb][et_pb_column type=\u00a0\u00bb4_4&Prime; _builder_version=\u00a0\u00bb4.16&Prime; global_colors_info=\u00a0\u00bb{}\u00a0\u00bb][et_pb_image src=\u00a0\u00bbhttps:\/\/www.nicolas-gonati.fr\/wp-content\/uploads\/2020\/05\/1-Le-mur-du-voisin-crayon-de-bois-sur-papier-1988.jpg\u00a0\u00bb title_text=\u00a0\u00bb1-Le-mur-du-voisin-(crayon-de-bois-sur-papier-1988)\u00a0\u00bb show_in_lightbox=\u00a0\u00bbon\u00a0\u00bb _builder_version=\u00a0\u00bb4.16&Prime; global_colors_info=\u00a0\u00bb{}\u00a0\u00bb][\/et_pb_image][et_pb_text _builder_version=\u00a0\u00bb4.16&Prime; text_font=\u00a0\u00bbAlata||||||||\u00a0\u00bb text_line_height=\u00a0\u00bb1.3em\u00a0\u00bb custom_margin=\u00a0\u00bb-15px||||false|false\u00a0\u00bb global_colors_info=\u00a0\u00bb{}\u00a0\u00bb]<p><em>Le mur du voisin<\/em> (crayon de bois sur papier) 1988<\/p>[\/et_pb_text][\/et_pb_column][\/et_pb_row][\/et_pb_section]","protected":false},"excerpt":{"rendered":"<p>Oeuvres picturalesFauvette \u00e0 t\u00eate noire (crayon de bois sur papier) 2025Dessin froiss\u00e9\u00a0(crayon de bois sur papier) 2025Domaine des Rousseaux (crayon de bois sur papier) 2025Velocette (crayon de bois sur papier) 2025Festival de la toupie (crayon de bois sur papier) 2025Jeu de construction France Sologne\u00a0(crayon de bois sur papier) 2025Romorantin-Lantenay (crayon de bois sur papier) 2025Porte [&hellip;]<\/p>\n","protected":false},"author":1,"featured_media":0,"parent":0,"menu_order":0,"comment_status":"closed","ping_status":"closed","template":"","meta":{"_et_pb_use_builder":"on","_et_pb_old_content":"<!-- wp:divi\/placeholder \/-->","_et_gb_content_width":"","inline_featured_image":false,"footnotes":""},"class_list":["post-83","page","type-page","status-publish","hentry"],"yoast_head":"<!-- This site is optimized with the Yoast SEO plugin v24.7 - https:\/\/yoast.com\/wordpress\/plugins\/seo\/ -->\n<title>Oeuvres picturales - Nicolas Gonati Site officiel<\/title>\n<meta name=\"robots\" content=\"index, follow, max-snippet:-1, max-image-preview:large, max-video-preview:-1\" \/>\n<link rel=\"canonical\" href=\"https:\/\/www.nicolas-gonati.fr\/index.php\/oeuvres-picturales\/\" \/>\n<meta property=\"og:locale\" content=\"fr_FR\" \/>\n<meta property=\"og:type\" content=\"article\" \/>\n<meta property=\"og:title\" content=\"Oeuvres picturales - Nicolas Gonati Site officiel\" \/>\n<meta property=\"og:description\" content=\"Oeuvres picturalesFauvette \u00e0 t\u00eate noire (crayon de bois sur papier) 2025Dessin froiss\u00e9\u00a0(crayon de bois sur papier) 2025Domaine des Rousseaux (crayon de bois sur papier) 2025Velocette (crayon de bois sur papier) 2025Festival de la toupie (crayon de bois sur papier) 2025Jeu de construction France Sologne\u00a0(crayon de bois sur papier) 2025Romorantin-Lantenay (crayon de bois sur papier) 2025Porte [&hellip;]\" \/>\n<meta property=\"og:url\" content=\"https:\/\/www.nicolas-gonati.fr\/index.php\/oeuvres-picturales\/\" \/>\n<meta property=\"og:site_name\" content=\"Nicolas Gonati Site officiel\" \/>\n<meta property=\"article:modified_time\" content=\"2025-04-02T09:49:15+00:00\" \/>\n<meta name=\"twitter:card\" content=\"summary_large_image\" \/>\n<meta name=\"twitter:label1\" content=\"Dur\u00e9e de lecture estim\u00e9e\" \/>\n\t<meta name=\"twitter:data1\" content=\"38 minutes\" \/>\n<script type=\"application\/ld+json\" class=\"yoast-schema-graph\">{\"@context\":\"https:\/\/schema.org\",\"@graph\":[{\"@type\":\"WebPage\",\"@id\":\"https:\/\/www.nicolas-gonati.fr\/index.php\/oeuvres-picturales\/\",\"url\":\"https:\/\/www.nicolas-gonati.fr\/index.php\/oeuvres-picturales\/\",\"name\":\"Oeuvres picturales - Nicolas Gonati Site officiel\",\"isPartOf\":{\"@id\":\"https:\/\/www.nicolas-gonati.fr\/#website\"},\"datePublished\":\"2020-05-22T11:56:16+00:00\",\"dateModified\":\"2025-04-02T09:49:15+00:00\",\"breadcrumb\":{\"@id\":\"https:\/\/www.nicolas-gonati.fr\/index.php\/oeuvres-picturales\/#breadcrumb\"},\"inLanguage\":\"fr-FR\",\"potentialAction\":[{\"@type\":\"ReadAction\",\"target\":[\"https:\/\/www.nicolas-gonati.fr\/index.php\/oeuvres-picturales\/\"]}]},{\"@type\":\"BreadcrumbList\",\"@id\":\"https:\/\/www.nicolas-gonati.fr\/index.php\/oeuvres-picturales\/#breadcrumb\",\"itemListElement\":[{\"@type\":\"ListItem\",\"position\":1,\"name\":\"Accueil\",\"item\":\"https:\/\/www.nicolas-gonati.fr\/\"},{\"@type\":\"ListItem\",\"position\":2,\"name\":\"Oeuvres picturales\"}]},{\"@type\":\"WebSite\",\"@id\":\"https:\/\/www.nicolas-gonati.fr\/#website\",\"url\":\"https:\/\/www.nicolas-gonati.fr\/\",\"name\":\"Nicolas Gonati Site officiel\",\"description\":\"le site de N.Gonati\",\"potentialAction\":[{\"@type\":\"SearchAction\",\"target\":{\"@type\":\"EntryPoint\",\"urlTemplate\":\"https:\/\/www.nicolas-gonati.fr\/?s={search_term_string}\"},\"query-input\":{\"@type\":\"PropertyValueSpecification\",\"valueRequired\":true,\"valueName\":\"search_term_string\"}}],\"inLanguage\":\"fr-FR\"}]}<\/script>\n<!-- \/ Yoast SEO plugin. -->","yoast_head_json":{"title":"Oeuvres picturales - Nicolas Gonati Site officiel","robots":{"index":"index","follow":"follow","max-snippet":"max-snippet:-1","max-image-preview":"max-image-preview:large","max-video-preview":"max-video-preview:-1"},"canonical":"https:\/\/www.nicolas-gonati.fr\/index.php\/oeuvres-picturales\/","og_locale":"fr_FR","og_type":"article","og_title":"Oeuvres picturales - Nicolas Gonati Site officiel","og_description":"Oeuvres picturalesFauvette \u00e0 t\u00eate noire (crayon de bois sur papier) 2025Dessin froiss\u00e9\u00a0(crayon de bois sur papier) 2025Domaine des Rousseaux (crayon de bois sur papier) 2025Velocette (crayon de bois sur papier) 2025Festival de la toupie (crayon de bois sur papier) 2025Jeu de construction France Sologne\u00a0(crayon de bois sur papier) 2025Romorantin-Lantenay (crayon de bois sur papier) 2025Porte [&hellip;]","og_url":"https:\/\/www.nicolas-gonati.fr\/index.php\/oeuvres-picturales\/","og_site_name":"Nicolas Gonati Site officiel","article_modified_time":"2025-04-02T09:49:15+00:00","twitter_card":"summary_large_image","twitter_misc":{"Dur\u00e9e de lecture estim\u00e9e":"38 minutes"},"schema":{"@context":"https:\/\/schema.org","@graph":[{"@type":"WebPage","@id":"https:\/\/www.nicolas-gonati.fr\/index.php\/oeuvres-picturales\/","url":"https:\/\/www.nicolas-gonati.fr\/index.php\/oeuvres-picturales\/","name":"Oeuvres picturales - Nicolas Gonati Site officiel","isPartOf":{"@id":"https:\/\/www.nicolas-gonati.fr\/#website"},"datePublished":"2020-05-22T11:56:16+00:00","dateModified":"2025-04-02T09:49:15+00:00","breadcrumb":{"@id":"https:\/\/www.nicolas-gonati.fr\/index.php\/oeuvres-picturales\/#breadcrumb"},"inLanguage":"fr-FR","potentialAction":[{"@type":"ReadAction","target":["https:\/\/www.nicolas-gonati.fr\/index.php\/oeuvres-picturales\/"]}]},{"@type":"BreadcrumbList","@id":"https:\/\/www.nicolas-gonati.fr\/index.php\/oeuvres-picturales\/#breadcrumb","itemListElement":[{"@type":"ListItem","position":1,"name":"Accueil","item":"https:\/\/www.nicolas-gonati.fr\/"},{"@type":"ListItem","position":2,"name":"Oeuvres picturales"}]},{"@type":"WebSite","@id":"https:\/\/www.nicolas-gonati.fr\/#website","url":"https:\/\/www.nicolas-gonati.fr\/","name":"Nicolas Gonati Site officiel","description":"le site de N.Gonati","potentialAction":[{"@type":"SearchAction","target":{"@type":"EntryPoint","urlTemplate":"https:\/\/www.nicolas-gonati.fr\/?s={search_term_string}"},"query-input":{"@type":"PropertyValueSpecification","valueRequired":true,"valueName":"search_term_string"}}],"inLanguage":"fr-FR"}]}},"_links":{"self":[{"href":"https:\/\/www.nicolas-gonati.fr\/index.php\/wp-json\/wp\/v2\/pages\/83","targetHints":{"allow":["GET"]}}],"collection":[{"href":"https:\/\/www.nicolas-gonati.fr\/index.php\/wp-json\/wp\/v2\/pages"}],"about":[{"href":"https:\/\/www.nicolas-gonati.fr\/index.php\/wp-json\/wp\/v2\/types\/page"}],"author":[{"embeddable":true,"href":"https:\/\/www.nicolas-gonati.fr\/index.php\/wp-json\/wp\/v2\/users\/1"}],"replies":[{"embeddable":true,"href":"https:\/\/www.nicolas-gonati.fr\/index.php\/wp-json\/wp\/v2\/comments?post=83"}],"version-history":[{"count":39,"href":"https:\/\/www.nicolas-gonati.fr\/index.php\/wp-json\/wp\/v2\/pages\/83\/revisions"}],"predecessor-version":[{"id":1145,"href":"https:\/\/www.nicolas-gonati.fr\/index.php\/wp-json\/wp\/v2\/pages\/83\/revisions\/1145"}],"wp:attachment":[{"href":"https:\/\/www.nicolas-gonati.fr\/index.php\/wp-json\/wp\/v2\/media?parent=83"}],"curies":[{"name":"wp","href":"https:\/\/api.w.org\/{rel}","templated":true}]}}